{"id":2874,"date":"2021-09-21T20:40:59","date_gmt":"2021-09-21T18:40:59","guid":{"rendered":"http:\/\/alexandrajacquin.com\/?page_id=2874"},"modified":"2024-06-07T14:05:29","modified_gmt":"2024-06-07T12:05:29","slug":"portfolio","status":"publish","type":"page","link":"https:\/\/alexandrajacquin.com\/index.php\/portfolio\/","title":{"rendered":"Portfolio"},"content":{"rendered":"<p>[vc_row][vc_column][vc_empty_space][\/vc_column][\/vc_row][vc_row css=&#8221;.vc_custom_1717755643662{margin-right: px !important;margin-left: px !important;}&#8221;][vc_column]<div class=\"eltdf-portfolio-list-holder eltdf-grid-list eltdf-disable-bottom-space eltdf-pl-gallery eltdf-three-columns eltdf-tiny-space eltdf-pl-gallery-info-box-full-width    eltdf-pl-has-shadow  eltdf-pl-pag-no-pagination      \"  data-type=gallery data-number-of-columns=three data-space-between-items=tiny data-number-of-items=30 data-image-proportions=square data-enable-fixed-proportions=no data-enable-parallax=no data-enable-image-shadow=yes data-orderby=date data-order=DESC data-item-style=gallery-info-box-full-width data-infobox-color=rgba(255,255,255,0.69) data-infobox-margin=no data-hover-effect=zoom data-enable-title=yes data-title-tag=h4 data-title-text-transform=initial data-enable-category=yes data-enable-count-images=yes data-enable-excerpt=no data-excerpt-length=20 data-pagination-type=no-pagination data-filter=no data-filter-order-by=name data-enable-article-animation=no data-portfolio-slider-on=no data-enable-loop=yes data-enable-autoplay=yes data-enable-auto-width=no data-enable-center=no data-slider-speed=5000 data-slider-speed-animation=600 data-enable-navigation=yes data-enable-pagination=yes data-max-num-pages=2 data-next-page=2>\n\t\t<div class=\"eltdf-pl-inner eltdf-outer-space  clearfix\">\n\t\t<article class=\"eltdf-pl-item eltdf-item-space hover_zoom  post-4826 portfolio-item type-portfolio-item status-publish has-post-thumbnail hentry portfolio-category-commande-personnalisee portfolio-tag-cerf portfolio-tag-fresque portfolio-tag-montagnes\">\n\t<div class=\"eltdf-pl-item-inner\">\n\t\t<div class=\"eltdf-pli-image\">\n\t<img fetchpriority=\"high\" decoding=\"async\" width=\"550\" height=\"550\" src=\"https:\/\/alexandrajacquin.com\/wp-content\/uploads\/2026\/01\/1768912190183-550x550.jpg?v=1768912406\" class=\"attachment-bolge_elated_image_square size-bolge_elated_image_square wp-post-image\" alt=\"\" srcset=\"https:\/\/alexandrajacquin.com\/wp-content\/uploads\/2026\/01\/1768912190183-550x550.jpg?v=1768912406 550w, https:\/\/alexandrajacquin.com\/wp-content\/uploads\/2026\/01\/1768912190183-150x150.jpg?v=1768912406 150w, https:\/\/alexandrajacquin.com\/wp-content\/uploads\/2026\/01\/1768912190183-1100x1100.jpg?v=1768912406 1100w, https:\/\/alexandrajacquin.com\/wp-content\/uploads\/2026\/01\/1768912190183-300x300.jpg?v=1768912406 300w, https:\/\/alexandrajacquin.com\/wp-content\/uploads\/2026\/01\/1768912190183-100x100.jpg?v=1768912406 100w\" sizes=\"(max-width: 550px) 100vw, 550px\" \/><\/div>\n<div class=\"eltdf-pli-text-holder ib_no_padding\"  style=\"background-color: rgba(255,255,255,0.69)\">\n\t<div class=\"eltdf-pli-text-wrapper\">\n\t\t<div class=\"eltdf-pli-text\">\n\t\t\t\t<h4 itemprop=\"name\" class=\"eltdf-pli-title entry-title\" style=\"text-transform: initial\">\n\t\tFresque murale Regarde\t<\/h4>\n\n\t\t\t\t\t<div class=\"eltdf-pli-category-holder\">\n\t\t\t\t\t\t\t<a itemprop=\"url\" class=\"eltdf-pli-category\" href=\"https:\/\/alexandrajacquin.com\/index.php\/portfolio-category\/commande-personnalisee\/\">Commande personnalis\u00e9e<\/a>\n\t\t\t\t\t<\/div>\n\t\n\t\t\t\t\t\t\n\t\t\t\t\t<\/div>\n\t<\/div>\n<\/div>\n\t\t<a itemprop=\"url\" class=\"eltdf-pli-link eltdf-block-drag-link\" href=\"https:\/\/alexandrajacquin.com\/index.php\/portfolio-item\/fresque-murale-regarde\/\" target=\"_self\"><\/a>\n\t<\/div>\n<\/article><article class=\"eltdf-pl-item eltdf-item-space hover_zoom  post-4811 portfolio-item type-portfolio-item status-publish has-post-thumbnail hentry portfolio-category-edition portfolio-tag-edition-jeunesse portfolio-tag-libellule portfolio-tag-nature portfolio-tag-sensibilisation\">\n\t<div class=\"eltdf-pl-item-inner\">\n\t\t<div class=\"eltdf-pli-image\">\n\t<img decoding=\"async\" width=\"550\" height=\"550\" src=\"https:\/\/alexandrajacquin.com\/wp-content\/uploads\/2026\/01\/Couverture-Isabelle-550x550.png?v=1768908407\" class=\"attachment-bolge_elated_image_square size-bolge_elated_image_square wp-post-image\" alt=\"\" srcset=\"https:\/\/alexandrajacquin.com\/wp-content\/uploads\/2026\/01\/Couverture-Isabelle-550x550.png?v=1768908407 550w, https:\/\/alexandrajacquin.com\/wp-content\/uploads\/2026\/01\/Couverture-Isabelle-300x300.png?v=1768908407 300w, https:\/\/alexandrajacquin.com\/wp-content\/uploads\/2026\/01\/Couverture-Isabelle-1024x1024.png?v=1768908407 1024w, https:\/\/alexandrajacquin.com\/wp-content\/uploads\/2026\/01\/Couverture-Isabelle-150x150.png?v=1768908407 150w, https:\/\/alexandrajacquin.com\/wp-content\/uploads\/2026\/01\/Couverture-Isabelle-768x768.png?v=1768908407 768w, https:\/\/alexandrajacquin.com\/wp-content\/uploads\/2026\/01\/Couverture-Isabelle-1536x1536.png?v=1768908407 1536w, https:\/\/alexandrajacquin.com\/wp-content\/uploads\/2026\/01\/Couverture-Isabelle-1100x1100.png?v=1768908407 1100w, https:\/\/alexandrajacquin.com\/wp-content\/uploads\/2026\/01\/Couverture-Isabelle-600x600.png?v=1768908407 600w, https:\/\/alexandrajacquin.com\/wp-content\/uploads\/2026\/01\/Couverture-Isabelle-100x100.png?v=1768908407 100w\" sizes=\"(max-width: 550px) 100vw, 550px\" \/><\/div>\n<div class=\"eltdf-pli-text-holder ib_no_padding\"  style=\"background-color: rgba(255,255,255,0.69)\">\n\t<div class=\"eltdf-pli-text-wrapper\">\n\t\t<div class=\"eltdf-pli-text\">\n\t\t\t\t<h4 itemprop=\"name\" class=\"eltdf-pli-title entry-title\" style=\"text-transform: initial\">\n\t\tAlbum &#8220;Demoiselle Isabelle o\u00f9 es-tu ?&#8221; &#8211; Mars 2026\t<\/h4>\n\n\t\t\t\t\t<div class=\"eltdf-pli-category-holder\">\n\t\t\t\t\t\t\t<a itemprop=\"url\" class=\"eltdf-pli-category\" href=\"https:\/\/alexandrajacquin.com\/index.php\/portfolio-category\/edition\/\">Edition<\/a>\n\t\t\t\t\t<\/div>\n\t\n\t\t\t\t\t\t\n\t\t\t\t\t<\/div>\n\t<\/div>\n<\/div>\n\t\t<a itemprop=\"url\" class=\"eltdf-pli-link eltdf-block-drag-link\" href=\"https:\/\/alexandrajacquin.com\/index.php\/portfolio-item\/album-demoiselle-isabelle-ou-es-tu-editions-frenchflowers\/\" target=\"_self\"><\/a>\n\t<\/div>\n<\/article><article class=\"eltdf-pl-item eltdf-item-space hover_zoom  post-4773 portfolio-item type-portfolio-item status-publish has-post-thumbnail hentry portfolio-category-projet-personnel portfolio-tag-animaux portfolio-tag-fanzine portfolio-tag-nature portfolio-tag-printemps\">\n\t<div class=\"eltdf-pl-item-inner\">\n\t\t<div class=\"eltdf-pli-image\">\n\t<img decoding=\"async\" width=\"550\" height=\"550\" src=\"https:\/\/alexandrajacquin.com\/wp-content\/uploads\/2025\/05\/Marmottes-550x550.jpg?v=1748357035\" class=\"attachment-bolge_elated_image_square size-bolge_elated_image_square wp-post-image\" alt=\"\" srcset=\"https:\/\/alexandrajacquin.com\/wp-content\/uploads\/2025\/05\/Marmottes-550x550.jpg?v=1748357035 550w, https:\/\/alexandrajacquin.com\/wp-content\/uploads\/2025\/05\/Marmottes-150x150.jpg?v=1748357035 150w, https:\/\/alexandrajacquin.com\/wp-content\/uploads\/2025\/05\/Marmottes-1100x1100.jpg?v=1748357035 1100w, https:\/\/alexandrajacquin.com\/wp-content\/uploads\/2025\/05\/Marmottes-300x300.jpg?v=1748357035 300w, https:\/\/alexandrajacquin.com\/wp-content\/uploads\/2025\/05\/Marmottes-100x100.jpg?v=1748357035 100w\" sizes=\"(max-width: 550px) 100vw, 550px\" \/><\/div>\n<div class=\"eltdf-pli-text-holder ib_no_padding\"  style=\"background-color: rgba(255,255,255,0.69)\">\n\t<div class=\"eltdf-pli-text-wrapper\">\n\t\t<div class=\"eltdf-pli-text\">\n\t\t\t\t<h4 itemprop=\"name\" class=\"eltdf-pli-title entry-title\" style=\"text-transform: initial\">\n\t\tNatur&#8217;en poche &#8220;L&#8217;arriv\u00e9e du printemps&#8221;\t<\/h4>\n\n\t\t\t\t\t<div class=\"eltdf-pli-category-holder\">\n\t\t\t\t\t\t\t<a itemprop=\"url\" class=\"eltdf-pli-category\" href=\"https:\/\/alexandrajacquin.com\/index.php\/portfolio-category\/projet-personnel\/\">Projet personnel<\/a>\n\t\t\t\t\t<\/div>\n\t\n\t\t\t\t\t\t\n\t\t\t\t\t<\/div>\n\t<\/div>\n<\/div>\n\t\t<a itemprop=\"url\" class=\"eltdf-pli-link eltdf-block-drag-link\" href=\"https:\/\/alexandrajacquin.com\/index.php\/portfolio-item\/fanzine-naturen-poche-larrivee-du-printemps\/\" target=\"_self\"><\/a>\n\t<\/div>\n<\/article><article class=\"eltdf-pl-item eltdf-item-space hover_zoom  post-4756 portfolio-item type-portfolio-item status-publish has-post-thumbnail hentry portfolio-category-projet-personnel portfolio-tag-animaux portfolio-tag-fanzine portfolio-tag-hiver portfolio-tag-nature\">\n\t<div class=\"eltdf-pl-item-inner\">\n\t\t<div class=\"eltdf-pli-image\">\n\t<img loading=\"lazy\" decoding=\"async\" width=\"550\" height=\"550\" src=\"https:\/\/alexandrajacquin.com\/wp-content\/uploads\/2025\/05\/C-_Users_alexa_Pictures_creations-perso_Une-saison-une-histoire_Lhiver_Le-jour-se-leve-web-550x550.jpg?v=1748353720\" class=\"attachment-bolge_elated_image_square size-bolge_elated_image_square wp-post-image\" alt=\"\" srcset=\"https:\/\/alexandrajacquin.com\/wp-content\/uploads\/2025\/05\/C-_Users_alexa_Pictures_creations-perso_Une-saison-une-histoire_Lhiver_Le-jour-se-leve-web-550x550.jpg?v=1748353720 550w, https:\/\/alexandrajacquin.com\/wp-content\/uploads\/2025\/05\/C-_Users_alexa_Pictures_creations-perso_Une-saison-une-histoire_Lhiver_Le-jour-se-leve-web-150x150.jpg?v=1748353720 150w, https:\/\/alexandrajacquin.com\/wp-content\/uploads\/2025\/05\/C-_Users_alexa_Pictures_creations-perso_Une-saison-une-histoire_Lhiver_Le-jour-se-leve-web-300x300.jpg?v=1748353720 300w, https:\/\/alexandrajacquin.com\/wp-content\/uploads\/2025\/05\/C-_Users_alexa_Pictures_creations-perso_Une-saison-une-histoire_Lhiver_Le-jour-se-leve-web-100x100.jpg?v=1748353720 100w\" sizes=\"(max-width: 550px) 100vw, 550px\" \/><\/div>\n<div class=\"eltdf-pli-text-holder ib_no_padding\"  style=\"background-color: rgba(255,255,255,0.69)\">\n\t<div class=\"eltdf-pli-text-wrapper\">\n\t\t<div class=\"eltdf-pli-text\">\n\t\t\t\t<h4 itemprop=\"name\" class=\"eltdf-pli-title entry-title\" style=\"text-transform: initial\">\n\t\tNatur&#8217;en poche &#8220;Les animaux en hiver&#8221;\t<\/h4>\n\n\t\t\t\t\t<div class=\"eltdf-pli-category-holder\">\n\t\t\t\t\t\t\t<a itemprop=\"url\" class=\"eltdf-pli-category\" href=\"https:\/\/alexandrajacquin.com\/index.php\/portfolio-category\/projet-personnel\/\">Projet personnel<\/a>\n\t\t\t\t\t<\/div>\n\t\n\t\t\t\t\t\t\n\t\t\t\t\t<\/div>\n\t<\/div>\n<\/div>\n\t\t<a itemprop=\"url\" class=\"eltdf-pli-link eltdf-block-drag-link\" href=\"https:\/\/alexandrajacquin.com\/index.php\/portfolio-item\/fanzine-naturen-poche-les-animaux-en-hiver\/\" target=\"_self\"><\/a>\n\t<\/div>\n<\/article><article class=\"eltdf-pl-item eltdf-item-space hover_zoom  post-4722 portfolio-item type-portfolio-item status-publish has-post-thumbnail hentry portfolio-category-projet-personnel portfolio-tag-animal portfolio-tag-blaireau portfolio-tag-nature portfolio-tag-sensibilisation\">\n\t<div class=\"eltdf-pl-item-inner\">\n\t\t<div class=\"eltdf-pli-image\">\n\t<img loading=\"lazy\" decoding=\"async\" width=\"550\" height=\"550\" src=\"https:\/\/alexandrajacquin.com\/wp-content\/uploads\/2024\/12\/Photo-1-Les-vacances-de-Monsieur-Blaireau-550x550.jpg?v=1733321498\" class=\"attachment-bolge_elated_image_square size-bolge_elated_image_square wp-post-image\" alt=\"\" srcset=\"https:\/\/alexandrajacquin.com\/wp-content\/uploads\/2024\/12\/Photo-1-Les-vacances-de-Monsieur-Blaireau-550x550.jpg?v=1733321498 550w, https:\/\/alexandrajacquin.com\/wp-content\/uploads\/2024\/12\/Photo-1-Les-vacances-de-Monsieur-Blaireau-150x150.jpg?v=1733321498 150w, https:\/\/alexandrajacquin.com\/wp-content\/uploads\/2024\/12\/Photo-1-Les-vacances-de-Monsieur-Blaireau-1100x1100.jpg?v=1733321498 1100w, https:\/\/alexandrajacquin.com\/wp-content\/uploads\/2024\/12\/Photo-1-Les-vacances-de-Monsieur-Blaireau-300x300.jpg?v=1733321498 300w, https:\/\/alexandrajacquin.com\/wp-content\/uploads\/2024\/12\/Photo-1-Les-vacances-de-Monsieur-Blaireau-100x100.jpg?v=1733321498 100w\" sizes=\"(max-width: 550px) 100vw, 550px\" \/><\/div>\n<div class=\"eltdf-pli-text-holder ib_no_padding\"  style=\"background-color: rgba(255,255,255,0.69)\">\n\t<div class=\"eltdf-pli-text-wrapper\">\n\t\t<div class=\"eltdf-pli-text\">\n\t\t\t\t<h4 itemprop=\"name\" class=\"eltdf-pli-title entry-title\" style=\"text-transform: initial\">\n\t\tLes vacances de monsieur Blaireau\t<\/h4>\n\n\t\t\t\t\t<div class=\"eltdf-pli-category-holder\">\n\t\t\t\t\t\t\t<a itemprop=\"url\" class=\"eltdf-pli-category\" href=\"https:\/\/alexandrajacquin.com\/index.php\/portfolio-category\/projet-personnel\/\">Projet personnel<\/a>\n\t\t\t\t\t<\/div>\n\t\n\t\t\t\t\t\t\n\t\t\t\t\t<\/div>\n\t<\/div>\n<\/div>\n\t\t<a itemprop=\"url\" class=\"eltdf-pli-link eltdf-block-drag-link\" href=\"https:\/\/alexandrajacquin.com\/index.php\/portfolio-item\/les-vacances-de-monsieur-blaireau\/\" target=\"_self\"><\/a>\n\t<\/div>\n<\/article><article class=\"eltdf-pl-item eltdf-item-space hover_zoom  post-4699 portfolio-item type-portfolio-item status-publish has-post-thumbnail hentry portfolio-category-collaboration portfolio-category-edition portfolio-tag-guide-illustre portfolio-tag-nature portfolio-tag-oiseaux portfolio-tag-sensibilisation\">\n\t<div class=\"eltdf-pl-item-inner\">\n\t\t<div class=\"eltdf-pli-image\">\n\t<img loading=\"lazy\" decoding=\"async\" width=\"550\" height=\"550\" src=\"https:\/\/alexandrajacquin.com\/wp-content\/uploads\/2024\/12\/Familles-doiseaux-couverture-1-1-550x550.jpg?v=1733308921\" class=\"attachment-bolge_elated_image_square size-bolge_elated_image_square wp-post-image\" alt=\"\" srcset=\"https:\/\/alexandrajacquin.com\/wp-content\/uploads\/2024\/12\/Familles-doiseaux-couverture-1-1-550x550.jpg?v=1733308921 550w, https:\/\/alexandrajacquin.com\/wp-content\/uploads\/2024\/12\/Familles-doiseaux-couverture-1-1-150x150.jpg?v=1733308921 150w, https:\/\/alexandrajacquin.com\/wp-content\/uploads\/2024\/12\/Familles-doiseaux-couverture-1-1-1100x1100.jpg?v=1733308921 1100w, https:\/\/alexandrajacquin.com\/wp-content\/uploads\/2024\/12\/Familles-doiseaux-couverture-1-1-300x300.jpg?v=1733308921 300w, https:\/\/alexandrajacquin.com\/wp-content\/uploads\/2024\/12\/Familles-doiseaux-couverture-1-1-100x100.jpg?v=1733308921 100w\" sizes=\"(max-width: 550px) 100vw, 550px\" \/><\/div>\n<div class=\"eltdf-pli-text-holder ib_no_padding\"  style=\"background-color: rgba(255,255,255,0.69)\">\n\t<div class=\"eltdf-pli-text-wrapper\">\n\t\t<div class=\"eltdf-pli-text\">\n\t\t\t\t<h4 itemprop=\"name\" class=\"eltdf-pli-title entry-title\" style=\"text-transform: initial\">\n\t\tFamilles d&#8217;oiseaux &#8211; Octobre 2024\t<\/h4>\n\n\t\t\t\t\t<div class=\"eltdf-pli-category-holder\">\n\t\t\t\t\t\t\t<a itemprop=\"url\" class=\"eltdf-pli-category\" href=\"https:\/\/alexandrajacquin.com\/index.php\/portfolio-category\/collaboration\/\">Collaboration<\/a>\n\t\t\t\t\t\t\t<a itemprop=\"url\" class=\"eltdf-pli-category\" href=\"https:\/\/alexandrajacquin.com\/index.php\/portfolio-category\/edition\/\">Edition<\/a>\n\t\t\t\t\t<\/div>\n\t\n\t\t\t\t\t\t\n\t\t\t\t\t<\/div>\n\t<\/div>\n<\/div>\n\t\t<a itemprop=\"url\" class=\"eltdf-pli-link eltdf-block-drag-link\" href=\"https:\/\/alexandrajacquin.com\/index.php\/portfolio-item\/familles-doiseaux-octobre-2024\/\" target=\"_self\"><\/a>\n\t<\/div>\n<\/article><article class=\"eltdf-pl-item eltdf-item-space hover_zoom  post-4659 portfolio-item type-portfolio-item status-publish has-post-thumbnail hentry portfolio-category-edition portfolio-tag-herisson portfolio-tag-jeunesse portfolio-tag-nature portfolio-tag-sensibilisation\">\n\t<div class=\"eltdf-pl-item-inner\">\n\t\t<div class=\"eltdf-pli-image\">\n\t<img loading=\"lazy\" decoding=\"async\" width=\"550\" height=\"550\" src=\"https:\/\/alexandrajacquin.com\/wp-content\/uploads\/2024\/06\/Design-sans-titre-1-550x550.png?v=1717760697\" class=\"attachment-bolge_elated_image_square size-bolge_elated_image_square wp-post-image\" alt=\"Couverture album Kiki Gaston a disparu Editions Walden\" srcset=\"https:\/\/alexandrajacquin.com\/wp-content\/uploads\/2024\/06\/Design-sans-titre-1-550x550.png?v=1717760697 550w, https:\/\/alexandrajacquin.com\/wp-content\/uploads\/2024\/06\/Design-sans-titre-1-300x300.png?v=1717760697 300w, https:\/\/alexandrajacquin.com\/wp-content\/uploads\/2024\/06\/Design-sans-titre-1-1024x1024.png?v=1717760697 1024w, https:\/\/alexandrajacquin.com\/wp-content\/uploads\/2024\/06\/Design-sans-titre-1-150x150.png?v=1717760697 150w, https:\/\/alexandrajacquin.com\/wp-content\/uploads\/2024\/06\/Design-sans-titre-1-768x768.png?v=1717760697 768w, https:\/\/alexandrajacquin.com\/wp-content\/uploads\/2024\/06\/Design-sans-titre-1-1536x1536.png?v=1717760697 1536w, https:\/\/alexandrajacquin.com\/wp-content\/uploads\/2024\/06\/Design-sans-titre-1-1100x1100.png?v=1717760697 1100w, https:\/\/alexandrajacquin.com\/wp-content\/uploads\/2024\/06\/Design-sans-titre-1-600x600.png?v=1717760697 600w, https:\/\/alexandrajacquin.com\/wp-content\/uploads\/2024\/06\/Design-sans-titre-1-100x100.png?v=1717760697 100w\" sizes=\"(max-width: 550px) 100vw, 550px\" \/><\/div>\n<div class=\"eltdf-pli-text-holder ib_no_padding\"  style=\"background-color: rgba(255,255,255,0.69)\">\n\t<div class=\"eltdf-pli-text-wrapper\">\n\t\t<div class=\"eltdf-pli-text\">\n\t\t\t\t<h4 itemprop=\"name\" class=\"eltdf-pli-title entry-title\" style=\"text-transform: initial\">\n\t\tAlbum &#8220;Kiki Gaston a disparu&#8221;- Editions Walden &#8211; Mai 2024\t<\/h4>\n\n\t\t\t\t\t<div class=\"eltdf-pli-category-holder\">\n\t\t\t\t\t\t\t<a itemprop=\"url\" class=\"eltdf-pli-category\" href=\"https:\/\/alexandrajacquin.com\/index.php\/portfolio-category\/edition\/\">Edition<\/a>\n\t\t\t\t\t<\/div>\n\t\n\t\t\t\t\t\t\n\t\t\t\t\t<\/div>\n\t<\/div>\n<\/div>\n\t\t<a itemprop=\"url\" class=\"eltdf-pli-link eltdf-block-drag-link\" href=\"https:\/\/alexandrajacquin.com\/index.php\/portfolio-item\/album-kiki-gaston-a-disparu-editions-walden\/\" target=\"_self\"><\/a>\n\t<\/div>\n<\/article><article class=\"eltdf-pl-item eltdf-item-space hover_zoom  post-4482 portfolio-item type-portfolio-item status-publish has-post-thumbnail hentry portfolio-category-commande-personnalisee portfolio-tag-histoire portfolio-tag-jeunesse portfolio-tag-ocean\">\n\t<div class=\"eltdf-pl-item-inner\">\n\t\t<div class=\"eltdf-pli-image\">\n\t<img loading=\"lazy\" decoding=\"async\" width=\"550\" height=\"550\" src=\"https:\/\/alexandrajacquin.com\/wp-content\/uploads\/2024\/02\/Rencontre-Nina-et-Kroskor-couleur-web-550x550.jpg?v=1708452356\" class=\"attachment-bolge_elated_image_square size-bolge_elated_image_square wp-post-image\" alt=\"Illustration aquarelle histoire Nina\" srcset=\"https:\/\/alexandrajacquin.com\/wp-content\/uploads\/2024\/02\/Rencontre-Nina-et-Kroskor-couleur-web-550x550.jpg?v=1708452356 550w, https:\/\/alexandrajacquin.com\/wp-content\/uploads\/2024\/02\/Rencontre-Nina-et-Kroskor-couleur-web-150x150.jpg?v=1708452356 150w, https:\/\/alexandrajacquin.com\/wp-content\/uploads\/2024\/02\/Rencontre-Nina-et-Kroskor-couleur-web-300x300.jpg?v=1708452356 300w, https:\/\/alexandrajacquin.com\/wp-content\/uploads\/2024\/02\/Rencontre-Nina-et-Kroskor-couleur-web-100x100.jpg?v=1708452356 100w\" sizes=\"(max-width: 550px) 100vw, 550px\" \/><\/div>\n<div class=\"eltdf-pli-text-holder ib_no_padding\"  style=\"background-color: rgba(255,255,255,0.69)\">\n\t<div class=\"eltdf-pli-text-wrapper\">\n\t\t<div class=\"eltdf-pli-text\">\n\t\t\t\t<h4 itemprop=\"name\" class=\"eltdf-pli-title entry-title\" style=\"text-transform: initial\">\n\t\tNina et le paille-en-queue &#8211; Janvier 2024\t<\/h4>\n\n\t\t\t\t\t<div class=\"eltdf-pli-category-holder\">\n\t\t\t\t\t\t\t<a itemprop=\"url\" class=\"eltdf-pli-category\" href=\"https:\/\/alexandrajacquin.com\/index.php\/portfolio-category\/commande-personnalisee\/\">Commande personnalis\u00e9e<\/a>\n\t\t\t\t\t<\/div>\n\t\n\t\t\t\t\t\t\n\t\t\t\t\t<\/div>\n\t<\/div>\n<\/div>\n\t\t<a itemprop=\"url\" class=\"eltdf-pli-link eltdf-block-drag-link\" href=\"https:\/\/alexandrajacquin.com\/index.php\/portfolio-item\/illustrations-commande-particulier\/\" target=\"_self\"><\/a>\n\t<\/div>\n<\/article><article class=\"eltdf-pl-item eltdf-item-space hover_zoom  post-4463 portfolio-item type-portfolio-item status-publish has-post-thumbnail hentry portfolio-category-presse portfolio-tag-illustration portfolio-tag-jardinage portfolio-tag-presse\">\n\t<div class=\"eltdf-pl-item-inner\">\n\t\t<div class=\"eltdf-pli-image\">\n\t<img loading=\"lazy\" decoding=\"async\" width=\"550\" height=\"550\" src=\"https:\/\/alexandrajacquin.com\/wp-content\/uploads\/2023\/12\/Design-sans-titre-2-550x550.png?v=1717761553\" class=\"attachment-bolge_elated_image_square size-bolge_elated_image_square wp-post-image\" alt=\"Illustration pour Veir magazine n\u00b016\" srcset=\"https:\/\/alexandrajacquin.com\/wp-content\/uploads\/2023\/12\/Design-sans-titre-2-550x550.png?v=1717761553 550w, https:\/\/alexandrajacquin.com\/wp-content\/uploads\/2023\/12\/Design-sans-titre-2-300x300.png?v=1717761553 300w, https:\/\/alexandrajacquin.com\/wp-content\/uploads\/2023\/12\/Design-sans-titre-2-1024x1024.png?v=1717761553 1024w, https:\/\/alexandrajacquin.com\/wp-content\/uploads\/2023\/12\/Design-sans-titre-2-150x150.png?v=1717761553 150w, https:\/\/alexandrajacquin.com\/wp-content\/uploads\/2023\/12\/Design-sans-titre-2-768x768.png?v=1717761553 768w, https:\/\/alexandrajacquin.com\/wp-content\/uploads\/2023\/12\/Design-sans-titre-2-1536x1536.png?v=1717761553 1536w, https:\/\/alexandrajacquin.com\/wp-content\/uploads\/2023\/12\/Design-sans-titre-2-1100x1100.png?v=1717761553 1100w, https:\/\/alexandrajacquin.com\/wp-content\/uploads\/2023\/12\/Design-sans-titre-2-600x600.png?v=1717761553 600w, https:\/\/alexandrajacquin.com\/wp-content\/uploads\/2023\/12\/Design-sans-titre-2-100x100.png?v=1717761553 100w\" sizes=\"(max-width: 550px) 100vw, 550px\" \/><\/div>\n<div class=\"eltdf-pli-text-holder ib_no_padding\"  style=\"background-color: rgba(255,255,255,0.69)\">\n\t<div class=\"eltdf-pli-text-wrapper\">\n\t\t<div class=\"eltdf-pli-text\">\n\t\t\t\t<h4 itemprop=\"name\" class=\"eltdf-pli-title entry-title\" style=\"text-transform: initial\">\n\t\tL&#8217;hiver au potager &#8211; Veir magazine n\u00b016 &#8211; D\u00e9cembre 2023\t<\/h4>\n\n\t\t\t\t\t<div class=\"eltdf-pli-category-holder\">\n\t\t\t\t\t\t\t<a itemprop=\"url\" class=\"eltdf-pli-category\" href=\"https:\/\/alexandrajacquin.com\/index.php\/portfolio-category\/presse\/\">Presse<\/a>\n\t\t\t\t\t<\/div>\n\t\n\t\t\t\t\t\t\n\t\t\t\t\t<\/div>\n\t<\/div>\n<\/div>\n\t\t<a itemprop=\"url\" class=\"eltdf-pli-link eltdf-block-drag-link\" href=\"https:\/\/alexandrajacquin.com\/index.php\/portfolio-item\/lhiver-au-potager-veir-magazine-n16\/\" target=\"_self\"><\/a>\n\t<\/div>\n<\/article><article class=\"eltdf-pl-item eltdf-item-space hover_zoom  post-4454 portfolio-item type-portfolio-item status-publish has-post-thumbnail hentry portfolio-category-presse portfolio-tag-hiver portfolio-tag-illustration portfolio-tag-jeunesse portfolio-tag-nature portfolio-tag-presse\">\n\t<div class=\"eltdf-pl-item-inner\">\n\t\t<div class=\"eltdf-pli-image\">\n\t<img loading=\"lazy\" decoding=\"async\" width=\"550\" height=\"550\" src=\"https:\/\/alexandrajacquin.com\/wp-content\/uploads\/2023\/12\/Fanette-et-Filipin-La-foret-en-hiver.-Illustration-aquarelle-Alexandra-Jacquin-550x550.jpg?v=1701770191\" class=\"attachment-bolge_elated_image_square size-bolge_elated_image_square wp-post-image\" alt=\"\" srcset=\"https:\/\/alexandrajacquin.com\/wp-content\/uploads\/2023\/12\/Fanette-et-Filipin-La-foret-en-hiver.-Illustration-aquarelle-Alexandra-Jacquin-550x550.jpg?v=1701770191 550w, https:\/\/alexandrajacquin.com\/wp-content\/uploads\/2023\/12\/Fanette-et-Filipin-La-foret-en-hiver.-Illustration-aquarelle-Alexandra-Jacquin-150x150.jpg?v=1701770191 150w, https:\/\/alexandrajacquin.com\/wp-content\/uploads\/2023\/12\/Fanette-et-Filipin-La-foret-en-hiver.-Illustration-aquarelle-Alexandra-Jacquin-300x300.jpg?v=1701770191 300w, https:\/\/alexandrajacquin.com\/wp-content\/uploads\/2023\/12\/Fanette-et-Filipin-La-foret-en-hiver.-Illustration-aquarelle-Alexandra-Jacquin-100x100.jpg?v=1701770191 100w\" sizes=\"(max-width: 550px) 100vw, 550px\" \/><\/div>\n<div class=\"eltdf-pli-text-holder ib_no_padding\"  style=\"background-color: rgba(255,255,255,0.69)\">\n\t<div class=\"eltdf-pli-text-wrapper\">\n\t\t<div class=\"eltdf-pli-text\">\n\t\t\t\t<h4 itemprop=\"name\" class=\"eltdf-pli-title entry-title\" style=\"text-transform: initial\">\n\t\tFanette et Filipin n\u00b043 &#8211; D\u00e9cembre 2023\t<\/h4>\n\n\t\t\t\t\t<div class=\"eltdf-pli-category-holder\">\n\t\t\t\t\t\t\t<a itemprop=\"url\" class=\"eltdf-pli-category\" href=\"https:\/\/alexandrajacquin.com\/index.php\/portfolio-category\/presse\/\">Presse<\/a>\n\t\t\t\t\t<\/div>\n\t\n\t\t\t\t\t\t\n\t\t\t\t\t<\/div>\n\t<\/div>\n<\/div>\n\t\t<a itemprop=\"url\" class=\"eltdf-pli-link eltdf-block-drag-link\" href=\"https:\/\/alexandrajacquin.com\/index.php\/portfolio-item\/illustration-aquarelle-fanette-et-filipin-n43-hiver-2023\/\" target=\"_self\"><\/a>\n\t<\/div>\n<\/article><article class=\"eltdf-pl-item eltdf-item-space hover_zoom  post-4443 portfolio-item type-portfolio-item status-publish has-post-thumbnail hentry portfolio-category-presse portfolio-tag-conte portfolio-tag-illustration portfolio-tag-jeunsesse portfolio-tag-presse\">\n\t<div class=\"eltdf-pl-item-inner\">\n\t\t<div class=\"eltdf-pli-image\">\n\t<img loading=\"lazy\" decoding=\"async\" width=\"550\" height=\"550\" src=\"https:\/\/alexandrajacquin.com\/wp-content\/uploads\/2023\/11\/Illu-1-couleur-zoom-1-550x550.jpg?v=1717447234\" class=\"attachment-bolge_elated_image_square size-bolge_elated_image_square wp-post-image\" alt=\"\" srcset=\"https:\/\/alexandrajacquin.com\/wp-content\/uploads\/2023\/11\/Illu-1-couleur-zoom-1-550x550.jpg?v=1717447234 550w, https:\/\/alexandrajacquin.com\/wp-content\/uploads\/2023\/11\/Illu-1-couleur-zoom-1-150x150.jpg?v=1717447234 150w, https:\/\/alexandrajacquin.com\/wp-content\/uploads\/2023\/11\/Illu-1-couleur-zoom-1-300x300.jpg?v=1717447234 300w, https:\/\/alexandrajacquin.com\/wp-content\/uploads\/2023\/11\/Illu-1-couleur-zoom-1-100x100.jpg?v=1717447234 100w\" sizes=\"(max-width: 550px) 100vw, 550px\" \/><\/div>\n<div class=\"eltdf-pli-text-holder ib_no_padding\"  style=\"background-color: rgba(255,255,255,0.69)\">\n\t<div class=\"eltdf-pli-text-wrapper\">\n\t\t<div class=\"eltdf-pli-text\">\n\t\t\t\t<h4 itemprop=\"name\" class=\"eltdf-pli-title entry-title\" style=\"text-transform: initial\">\n\t\tMagazine Olalar n\u00b081- D\u00e9cembre 2023\t<\/h4>\n\n\t\t\t\t\t<div class=\"eltdf-pli-category-holder\">\n\t\t\t\t\t\t\t<a itemprop=\"url\" class=\"eltdf-pli-category\" href=\"https:\/\/alexandrajacquin.com\/index.php\/portfolio-category\/presse\/\">Presse<\/a>\n\t\t\t\t\t<\/div>\n\t\n\t\t\t\t\t\t\n\t\t\t\t\t<\/div>\n\t<\/div>\n<\/div>\n\t\t<a itemprop=\"url\" class=\"eltdf-pli-link eltdf-block-drag-link\" href=\"https:\/\/alexandrajacquin.com\/index.php\/portfolio-item\/illustrations-jeunesse-magazine-olalar-n81-hiver-2023\/\" target=\"_self\"><\/a>\n\t<\/div>\n<\/article><article class=\"eltdf-pl-item eltdf-item-space hover_zoom  post-4431 portfolio-item type-portfolio-item status-publish has-post-thumbnail hentry portfolio-category-presse portfolio-tag-illustration portfolio-tag-jeu portfolio-tag-jeunesse portfolio-tag-presse\">\n\t<div class=\"eltdf-pl-item-inner\">\n\t\t<div class=\"eltdf-pli-image\">\n\t<img loading=\"lazy\" decoding=\"async\" width=\"550\" height=\"550\" src=\"https:\/\/alexandrajacquin.com\/wp-content\/uploads\/2023\/09\/Couleur-numero-automne-web-550x550.jpg?v=1695050821\" class=\"attachment-bolge_elated_image_square size-bolge_elated_image_square wp-post-image\" alt=\"\" srcset=\"https:\/\/alexandrajacquin.com\/wp-content\/uploads\/2023\/09\/Couleur-numero-automne-web-550x550.jpg?v=1695050821 550w, https:\/\/alexandrajacquin.com\/wp-content\/uploads\/2023\/09\/Couleur-numero-automne-web-150x150.jpg?v=1695050821 150w, https:\/\/alexandrajacquin.com\/wp-content\/uploads\/2023\/09\/Couleur-numero-automne-web-300x300.jpg?v=1695050821 300w, https:\/\/alexandrajacquin.com\/wp-content\/uploads\/2023\/09\/Couleur-numero-automne-web-100x100.jpg?v=1695050821 100w\" sizes=\"(max-width: 550px) 100vw, 550px\" \/><\/div>\n<div class=\"eltdf-pli-text-holder ib_no_padding\"  style=\"background-color: rgba(255,255,255,0.69)\">\n\t<div class=\"eltdf-pli-text-wrapper\">\n\t\t<div class=\"eltdf-pli-text\">\n\t\t\t\t<h4 itemprop=\"name\" class=\"eltdf-pli-title entry-title\" style=\"text-transform: initial\">\n\t\tFanette et Filipin n\u00b042 &#8211; Septembre 2023\t<\/h4>\n\n\t\t\t\t\t<div class=\"eltdf-pli-category-holder\">\n\t\t\t\t\t\t\t<a itemprop=\"url\" class=\"eltdf-pli-category\" href=\"https:\/\/alexandrajacquin.com\/index.php\/portfolio-category\/presse\/\">Presse<\/a>\n\t\t\t\t\t<\/div>\n\t\n\t\t\t\t\t\t\n\t\t\t\t\t<\/div>\n\t<\/div>\n<\/div>\n\t\t<a itemprop=\"url\" class=\"eltdf-pli-link eltdf-block-drag-link\" href=\"https:\/\/alexandrajacquin.com\/index.php\/portfolio-item\/illustration-jeunesse-magazine-fanette-et-filipin-n42-automne-2023\/\" target=\"_self\"><\/a>\n\t<\/div>\n<\/article><article class=\"eltdf-pl-item eltdf-item-space hover_zoom  post-4426 portfolio-item type-portfolio-item status-publish has-post-thumbnail hentry portfolio-category-projet-personnel portfolio-tag-bouquetin portfolio-tag-ete portfolio-tag-faune portfolio-tag-illustration portfolio-tag-montagnes portfolio-tag-nature\">\n\t<div class=\"eltdf-pl-item-inner\">\n\t\t<div class=\"eltdf-pli-image\">\n\t<img loading=\"lazy\" decoding=\"async\" width=\"550\" height=\"550\" src=\"https:\/\/alexandrajacquin.com\/wp-content\/uploads\/2023\/09\/Rencontre-400-dpi-550x550.jpg?v=1695049095\" class=\"attachment-bolge_elated_image_square size-bolge_elated_image_square wp-post-image\" alt=\"\" srcset=\"https:\/\/alexandrajacquin.com\/wp-content\/uploads\/2023\/09\/Rencontre-400-dpi-550x550.jpg?v=1695049095 550w, https:\/\/alexandrajacquin.com\/wp-content\/uploads\/2023\/09\/Rencontre-400-dpi-150x150.jpg?v=1695049095 150w, https:\/\/alexandrajacquin.com\/wp-content\/uploads\/2023\/09\/Rencontre-400-dpi-1100x1100.jpg?v=1695049095 1100w, https:\/\/alexandrajacquin.com\/wp-content\/uploads\/2023\/09\/Rencontre-400-dpi-300x300.jpg?v=1695049095 300w, https:\/\/alexandrajacquin.com\/wp-content\/uploads\/2023\/09\/Rencontre-400-dpi-100x100.jpg?v=1695049095 100w\" sizes=\"(max-width: 550px) 100vw, 550px\" \/><\/div>\n<div class=\"eltdf-pli-text-holder ib_no_padding\"  style=\"background-color: rgba(255,255,255,0.69)\">\n\t<div class=\"eltdf-pli-text-wrapper\">\n\t\t<div class=\"eltdf-pli-text\">\n\t\t\t\t<h4 itemprop=\"name\" class=\"eltdf-pli-title entry-title\" style=\"text-transform: initial\">\n\t\tRencontre &#8211; Ao\u00fbt 2023\t<\/h4>\n\n\t\t\t\t\t<div class=\"eltdf-pli-category-holder\">\n\t\t\t\t\t\t\t<a itemprop=\"url\" class=\"eltdf-pli-category\" href=\"https:\/\/alexandrajacquin.com\/index.php\/portfolio-category\/projet-personnel\/\">Projet personnel<\/a>\n\t\t\t\t\t<\/div>\n\t\n\t\t\t\t\t\t\n\t\t\t\t\t<\/div>\n\t<\/div>\n<\/div>\n\t\t<a itemprop=\"url\" class=\"eltdf-pli-link eltdf-block-drag-link\" href=\"https:\/\/alexandrajacquin.com\/index.php\/portfolio-item\/rencontre-illustration-aquarelle\/\" target=\"_self\"><\/a>\n\t<\/div>\n<\/article><article class=\"eltdf-pl-item eltdf-item-space hover_zoom  post-4306 portfolio-item type-portfolio-item status-publish has-post-thumbnail hentry portfolio-category-projet-personnel portfolio-tag-ete portfolio-tag-illustration-jeunesse portfolio-tag-montagne portfolio-tag-nature\">\n\t<div class=\"eltdf-pl-item-inner\">\n\t\t<div class=\"eltdf-pli-image\">\n\t<img loading=\"lazy\" decoding=\"async\" width=\"550\" height=\"550\" src=\"https:\/\/alexandrajacquin.com\/wp-content\/uploads\/2023\/07\/Pique-nique-party-web-550x550.jpg?v=1689753448\" class=\"attachment-bolge_elated_image_square size-bolge_elated_image_square wp-post-image\" alt=\"\" srcset=\"https:\/\/alexandrajacquin.com\/wp-content\/uploads\/2023\/07\/Pique-nique-party-web-550x550.jpg?v=1689753448 550w, https:\/\/alexandrajacquin.com\/wp-content\/uploads\/2023\/07\/Pique-nique-party-web-150x150.jpg?v=1689753448 150w, https:\/\/alexandrajacquin.com\/wp-content\/uploads\/2023\/07\/Pique-nique-party-web-1100x1100.jpg?v=1689753448 1100w, https:\/\/alexandrajacquin.com\/wp-content\/uploads\/2023\/07\/Pique-nique-party-web-300x300.jpg?v=1689753448 300w, https:\/\/alexandrajacquin.com\/wp-content\/uploads\/2023\/07\/Pique-nique-party-web-100x100.jpg?v=1689753448 100w\" sizes=\"(max-width: 550px) 100vw, 550px\" \/><\/div>\n<div class=\"eltdf-pli-text-holder ib_no_padding\"  style=\"background-color: rgba(255,255,255,0.69)\">\n\t<div class=\"eltdf-pli-text-wrapper\">\n\t\t<div class=\"eltdf-pli-text\">\n\t\t\t\t<h4 itemprop=\"name\" class=\"eltdf-pli-title entry-title\" style=\"text-transform: initial\">\n\t\tPique-nique party &#8211; Juillet 2023\t<\/h4>\n\n\t\t\t\t\t<div class=\"eltdf-pli-category-holder\">\n\t\t\t\t\t\t\t<a itemprop=\"url\" class=\"eltdf-pli-category\" href=\"https:\/\/alexandrajacquin.com\/index.php\/portfolio-category\/projet-personnel\/\">Projet personnel<\/a>\n\t\t\t\t\t<\/div>\n\t\n\t\t\t\t\t\t\n\t\t\t\t\t<\/div>\n\t<\/div>\n<\/div>\n\t\t<a itemprop=\"url\" class=\"eltdf-pli-link eltdf-block-drag-link\" href=\"https:\/\/alexandrajacquin.com\/index.php\/portfolio-item\/illustration-aquarelle-pique-nique-party\/\" target=\"_self\"><\/a>\n\t<\/div>\n<\/article><article class=\"eltdf-pl-item eltdf-item-space hover_zoom  post-4297 portfolio-item type-portfolio-item status-publish has-post-thumbnail hentry portfolio-category-projet-personnel portfolio-tag-detente portfolio-tag-ete portfolio-tag-illustration portfolio-tag-nature\">\n\t<div class=\"eltdf-pl-item-inner\">\n\t\t<div class=\"eltdf-pli-image\">\n\t<img loading=\"lazy\" decoding=\"async\" width=\"550\" height=\"550\" src=\"https:\/\/alexandrajacquin.com\/wp-content\/uploads\/2023\/07\/Bivouac-sous-les-etoiles-3-web-550x550.jpg?v=1717446312\" class=\"attachment-bolge_elated_image_square size-bolge_elated_image_square wp-post-image\" alt=\"Bivouac-sous-les-etoiles-3-web\" srcset=\"https:\/\/alexandrajacquin.com\/wp-content\/uploads\/2023\/07\/Bivouac-sous-les-etoiles-3-web-550x550.jpg?v=1717446312 550w, https:\/\/alexandrajacquin.com\/wp-content\/uploads\/2023\/07\/Bivouac-sous-les-etoiles-3-web-150x150.jpg?v=1717446312 150w, https:\/\/alexandrajacquin.com\/wp-content\/uploads\/2023\/07\/Bivouac-sous-les-etoiles-3-web-1100x1100.jpg?v=1717446312 1100w, https:\/\/alexandrajacquin.com\/wp-content\/uploads\/2023\/07\/Bivouac-sous-les-etoiles-3-web-300x300.jpg?v=1717446312 300w, https:\/\/alexandrajacquin.com\/wp-content\/uploads\/2023\/07\/Bivouac-sous-les-etoiles-3-web-100x100.jpg?v=1717446312 100w\" sizes=\"(max-width: 550px) 100vw, 550px\" \/><\/div>\n<div class=\"eltdf-pli-text-holder ib_no_padding\"  style=\"background-color: rgba(255,255,255,0.69)\">\n\t<div class=\"eltdf-pli-text-wrapper\">\n\t\t<div class=\"eltdf-pli-text\">\n\t\t\t\t<h4 itemprop=\"name\" class=\"eltdf-pli-title entry-title\" style=\"text-transform: initial\">\n\t\tBivouac sous les \u00e9toiles &#8211; Juillet 2023\t<\/h4>\n\n\t\t\t\t\t<div class=\"eltdf-pli-category-holder\">\n\t\t\t\t\t\t\t<a itemprop=\"url\" class=\"eltdf-pli-category\" href=\"https:\/\/alexandrajacquin.com\/index.php\/portfolio-category\/projet-personnel\/\">Projet personnel<\/a>\n\t\t\t\t\t<\/div>\n\t\n\t\t\t\t\t\t\n\t\t\t\t\t<\/div>\n\t<\/div>\n<\/div>\n\t\t<a itemprop=\"url\" class=\"eltdf-pli-link eltdf-block-drag-link\" href=\"https:\/\/alexandrajacquin.com\/index.php\/portfolio-item\/bivouac-sous-les-etoiles-illustration-aquarelle\/\" target=\"_self\"><\/a>\n\t<\/div>\n<\/article><article class=\"eltdf-pl-item eltdf-item-space hover_zoom  post-4218 portfolio-item type-portfolio-item status-publish has-post-thumbnail hentry portfolio-category-collaboration portfolio-tag-illustration-packaging portfolio-tag-paysage portfolio-tag-vercors\">\n\t<div class=\"eltdf-pl-item-inner\">\n\t\t<div class=\"eltdf-pli-image\">\n\t<img loading=\"lazy\" decoding=\"async\" width=\"550\" height=\"550\" src=\"https:\/\/alexandrajacquin.com\/wp-content\/uploads\/2023\/05\/Illustration-packaging-biscuiterie-villarddelans-550x550.jpg?v=1684152099\" class=\"attachment-bolge_elated_image_square size-bolge_elated_image_square wp-post-image\" alt=\"\" srcset=\"https:\/\/alexandrajacquin.com\/wp-content\/uploads\/2023\/05\/Illustration-packaging-biscuiterie-villarddelans-550x550.jpg?v=1684152099 550w, https:\/\/alexandrajacquin.com\/wp-content\/uploads\/2023\/05\/Illustration-packaging-biscuiterie-villarddelans-150x150.jpg?v=1684152099 150w, https:\/\/alexandrajacquin.com\/wp-content\/uploads\/2023\/05\/Illustration-packaging-biscuiterie-villarddelans-300x300.jpg?v=1684152099 300w, https:\/\/alexandrajacquin.com\/wp-content\/uploads\/2023\/05\/Illustration-packaging-biscuiterie-villarddelans-100x100.jpg?v=1684152099 100w\" sizes=\"(max-width: 550px) 100vw, 550px\" \/><\/div>\n<div class=\"eltdf-pli-text-holder ib_no_padding\"  style=\"background-color: rgba(255,255,255,0.69)\">\n\t<div class=\"eltdf-pli-text-wrapper\">\n\t\t<div class=\"eltdf-pli-text\">\n\t\t\t\t<h4 itemprop=\"name\" class=\"eltdf-pli-title entry-title\" style=\"text-transform: initial\">\n\t\t&#8220;Valchevri\u00e8re&#8221; &#8211; Biscuiterie Villard de Lans &#8211; Mai 2023\t<\/h4>\n\n\t\t\t\t\t<div class=\"eltdf-pli-category-holder\">\n\t\t\t\t\t\t\t<a itemprop=\"url\" class=\"eltdf-pli-category\" href=\"https:\/\/alexandrajacquin.com\/index.php\/portfolio-category\/collaboration\/\">Collaboration<\/a>\n\t\t\t\t\t<\/div>\n\t\n\t\t\t\t\t\t\n\t\t\t\t\t<\/div>\n\t<\/div>\n<\/div>\n\t\t<a itemprop=\"url\" class=\"eltdf-pli-link eltdf-block-drag-link\" href=\"https:\/\/alexandrajacquin.com\/index.php\/portfolio-item\/valchevriere-biscuiterie-villard-de-lans\/\" target=\"_self\"><\/a>\n\t<\/div>\n<\/article><article class=\"eltdf-pl-item eltdf-item-space hover_zoom  post-4183 portfolio-item type-portfolio-item status-publish has-post-thumbnail hentry portfolio-category-projet-personnel portfolio-tag-concours portfolio-tag-illustration portfolio-tag-loup portfolio-tag-nature\">\n\t<div class=\"eltdf-pl-item-inner\">\n\t\t<div class=\"eltdf-pli-image\">\n\t<img loading=\"lazy\" decoding=\"async\" width=\"550\" height=\"550\" src=\"https:\/\/alexandrajacquin.com\/wp-content\/uploads\/2023\/04\/Sur-les-traces-du-loup-web-550x550.jpg?v=1681933467\" class=\"attachment-bolge_elated_image_square size-bolge_elated_image_square wp-post-image\" alt=\"\" srcset=\"https:\/\/alexandrajacquin.com\/wp-content\/uploads\/2023\/04\/Sur-les-traces-du-loup-web-550x550.jpg?v=1681933467 550w, https:\/\/alexandrajacquin.com\/wp-content\/uploads\/2023\/04\/Sur-les-traces-du-loup-web-150x150.jpg?v=1681933467 150w, https:\/\/alexandrajacquin.com\/wp-content\/uploads\/2023\/04\/Sur-les-traces-du-loup-web-300x300.jpg?v=1681933467 300w, https:\/\/alexandrajacquin.com\/wp-content\/uploads\/2023\/04\/Sur-les-traces-du-loup-web-100x100.jpg?v=1681933467 100w\" sizes=\"(max-width: 550px) 100vw, 550px\" \/><\/div>\n<div class=\"eltdf-pli-text-holder ib_no_padding\"  style=\"background-color: rgba(255,255,255,0.69)\">\n\t<div class=\"eltdf-pli-text-wrapper\">\n\t\t<div class=\"eltdf-pli-text\">\n\t\t\t\t<h4 itemprop=\"name\" class=\"eltdf-pli-title entry-title\" style=\"text-transform: initial\">\n\t\tSur les traces du loup &#8211; F\u00e9vrier 2023\t<\/h4>\n\n\t\t\t\t\t<div class=\"eltdf-pli-category-holder\">\n\t\t\t\t\t\t\t<a itemprop=\"url\" class=\"eltdf-pli-category\" href=\"https:\/\/alexandrajacquin.com\/index.php\/portfolio-category\/projet-personnel\/\">Projet personnel<\/a>\n\t\t\t\t\t<\/div>\n\t\n\t\t\t\t\t\t\n\t\t\t\t\t<\/div>\n\t<\/div>\n<\/div>\n\t\t<a itemprop=\"url\" class=\"eltdf-pli-link eltdf-block-drag-link\" href=\"https:\/\/alexandrajacquin.com\/index.php\/portfolio-item\/sur-les-traces-du-loup-illustration-aquarelle\/\" target=\"_self\"><\/a>\n\t<\/div>\n<\/article><article class=\"eltdf-pl-item eltdf-item-space hover_zoom  post-4173 portfolio-item type-portfolio-item status-publish has-post-thumbnail hentry portfolio-category-presse portfolio-tag-conte portfolio-tag-illustration portfolio-tag-jeunesse portfolio-tag-presse\">\n\t<div class=\"eltdf-pl-item-inner\">\n\t\t<div class=\"eltdf-pli-image\">\n\t<img loading=\"lazy\" decoding=\"async\" width=\"550\" height=\"550\" src=\"https:\/\/alexandrajacquin.com\/wp-content\/uploads\/2023\/04\/Couleur-image-2-550x550.jpg?v=1681925348\" class=\"attachment-bolge_elated_image_square size-bolge_elated_image_square wp-post-image\" alt=\"\" srcset=\"https:\/\/alexandrajacquin.com\/wp-content\/uploads\/2023\/04\/Couleur-image-2-550x550.jpg?v=1681925348 550w, https:\/\/alexandrajacquin.com\/wp-content\/uploads\/2023\/04\/Couleur-image-2-150x150.jpg?v=1681925348 150w, https:\/\/alexandrajacquin.com\/wp-content\/uploads\/2023\/04\/Couleur-image-2-300x300.jpg?v=1681925348 300w, https:\/\/alexandrajacquin.com\/wp-content\/uploads\/2023\/04\/Couleur-image-2-100x100.jpg?v=1681925348 100w\" sizes=\"(max-width: 550px) 100vw, 550px\" \/><\/div>\n<div class=\"eltdf-pli-text-holder ib_no_padding\"  style=\"background-color: rgba(255,255,255,0.69)\">\n\t<div class=\"eltdf-pli-text-wrapper\">\n\t\t<div class=\"eltdf-pli-text\">\n\t\t\t\t<h4 itemprop=\"name\" class=\"eltdf-pli-title entry-title\" style=\"text-transform: initial\">\n\t\tFanette et Filipin n\u00b040 &#8211; Mars 2023\t<\/h4>\n\n\t\t\t\t\t<div class=\"eltdf-pli-category-holder\">\n\t\t\t\t\t\t\t<a itemprop=\"url\" class=\"eltdf-pli-category\" href=\"https:\/\/alexandrajacquin.com\/index.php\/portfolio-category\/presse\/\">Presse<\/a>\n\t\t\t\t\t<\/div>\n\t\n\t\t\t\t\t\t\n\t\t\t\t\t<\/div>\n\t<\/div>\n<\/div>\n\t\t<a itemprop=\"url\" class=\"eltdf-pli-link eltdf-block-drag-link\" href=\"https:\/\/alexandrajacquin.com\/index.php\/portfolio-item\/illustration-jeunesse-magazine-fanette-et-filipin-printemps-2023\/\" target=\"_self\"><\/a>\n\t<\/div>\n<\/article><article class=\"eltdf-pl-item eltdf-item-space hover_zoom  post-4084 portfolio-item type-portfolio-item status-publish has-post-thumbnail hentry portfolio-category-projet-personnel portfolio-tag-hiver portfolio-tag-illustration portfolio-tag-jeunesse portfolio-tag-nature\">\n\t<div class=\"eltdf-pl-item-inner\">\n\t\t<div class=\"eltdf-pli-image\">\n\t<img loading=\"lazy\" decoding=\"async\" width=\"550\" height=\"550\" src=\"https:\/\/alexandrajacquin.com\/wp-content\/uploads\/2023\/01\/Au-dessus-des-montagnes-web-550x550.jpg?v=1675073472\" class=\"attachment-bolge_elated_image_square size-bolge_elated_image_square wp-post-image\" alt=\"\" srcset=\"https:\/\/alexandrajacquin.com\/wp-content\/uploads\/2023\/01\/Au-dessus-des-montagnes-web-550x550.jpg?v=1675073472 550w, https:\/\/alexandrajacquin.com\/wp-content\/uploads\/2023\/01\/Au-dessus-des-montagnes-web-150x150.jpg?v=1675073472 150w, https:\/\/alexandrajacquin.com\/wp-content\/uploads\/2023\/01\/Au-dessus-des-montagnes-web-300x300.jpg?v=1675073472 300w, https:\/\/alexandrajacquin.com\/wp-content\/uploads\/2023\/01\/Au-dessus-des-montagnes-web-100x100.jpg?v=1675073472 100w\" sizes=\"(max-width: 550px) 100vw, 550px\" \/><\/div>\n<div class=\"eltdf-pli-text-holder ib_no_padding\"  style=\"background-color: rgba(255,255,255,0.69)\">\n\t<div class=\"eltdf-pli-text-wrapper\">\n\t\t<div class=\"eltdf-pli-text\">\n\t\t\t\t<h4 itemprop=\"name\" class=\"eltdf-pli-title entry-title\" style=\"text-transform: initial\">\n\t\tAu dessus des montagnes &#8211; Janvier 2023\t<\/h4>\n\n\t\t\t\t\t<div class=\"eltdf-pli-category-holder\">\n\t\t\t\t\t\t\t<a itemprop=\"url\" class=\"eltdf-pli-category\" href=\"https:\/\/alexandrajacquin.com\/index.php\/portfolio-category\/projet-personnel\/\">Projet personnel<\/a>\n\t\t\t\t\t<\/div>\n\t\n\t\t\t\t\t\t\n\t\t\t\t\t<\/div>\n\t<\/div>\n<\/div>\n\t\t<a itemprop=\"url\" class=\"eltdf-pli-link eltdf-block-drag-link\" href=\"https:\/\/alexandrajacquin.com\/index.php\/portfolio-item\/au-dessus-des-montagnes-illustration-nuit\/\" target=\"_self\"><\/a>\n\t<\/div>\n<\/article><article class=\"eltdf-pl-item eltdf-item-space hover_zoom  post-4077 portfolio-item type-portfolio-item status-publish has-post-thumbnail hentry portfolio-category-presse portfolio-tag-carnaval portfolio-tag-education-bienveillante portfolio-tag-jeunesse portfolio-tag-presse\">\n\t<div class=\"eltdf-pl-item-inner\">\n\t\t<div class=\"eltdf-pli-image\">\n\t<img loading=\"lazy\" decoding=\"async\" width=\"550\" height=\"550\" src=\"https:\/\/alexandrajacquin.com\/wp-content\/uploads\/2023\/01\/Carnaval-couleur-550x550.jpg?v=1675070339\" class=\"attachment-bolge_elated_image_square size-bolge_elated_image_square wp-post-image\" alt=\"\" srcset=\"https:\/\/alexandrajacquin.com\/wp-content\/uploads\/2023\/01\/Carnaval-couleur-550x550.jpg?v=1675070339 550w, https:\/\/alexandrajacquin.com\/wp-content\/uploads\/2023\/01\/Carnaval-couleur-150x150.jpg?v=1675070339 150w, https:\/\/alexandrajacquin.com\/wp-content\/uploads\/2023\/01\/Carnaval-couleur-300x300.jpg?v=1675070339 300w, https:\/\/alexandrajacquin.com\/wp-content\/uploads\/2023\/01\/Carnaval-couleur-100x100.jpg?v=1675070339 100w\" sizes=\"(max-width: 550px) 100vw, 550px\" \/><\/div>\n<div class=\"eltdf-pli-text-holder ib_no_padding\"  style=\"background-color: rgba(255,255,255,0.69)\">\n\t<div class=\"eltdf-pli-text-wrapper\">\n\t\t<div class=\"eltdf-pli-text\">\n\t\t\t\t<h4 itemprop=\"name\" class=\"eltdf-pli-title entry-title\" style=\"text-transform: initial\">\n\t\tCarnaval &#8211; Fanette et Filipin n\u00b039 &#8211; D\u00e9cembre 2022\t<\/h4>\n\n\t\t\t\t\t<div class=\"eltdf-pli-category-holder\">\n\t\t\t\t\t\t\t<a itemprop=\"url\" class=\"eltdf-pli-category\" href=\"https:\/\/alexandrajacquin.com\/index.php\/portfolio-category\/presse\/\">Presse<\/a>\n\t\t\t\t\t<\/div>\n\t\n\t\t\t\t\t\t\n\t\t\t\t\t<\/div>\n\t<\/div>\n<\/div>\n\t\t<a itemprop=\"url\" class=\"eltdf-pli-link eltdf-block-drag-link\" href=\"https:\/\/alexandrajacquin.com\/index.php\/portfolio-item\/carnaval-fanette-et-filipin-illustration-edition-2022\/\" target=\"_self\"><\/a>\n\t<\/div>\n<\/article><article class=\"eltdf-pl-item eltdf-item-space hover_zoom  post-3999 portfolio-item type-portfolio-item status-publish has-post-thumbnail hentry portfolio-category-projet-personnel portfolio-tag-illustration portfolio-tag-nature\">\n\t<div class=\"eltdf-pl-item-inner\">\n\t\t<div class=\"eltdf-pli-image\">\n\t<img loading=\"lazy\" decoding=\"async\" width=\"550\" height=\"550\" src=\"https:\/\/alexandrajacquin.com\/wp-content\/uploads\/2022\/11\/Les-lutins-des-bois-2-300dpi-1-550x550.jpg?v=1667672131\" class=\"attachment-bolge_elated_image_square size-bolge_elated_image_square wp-post-image\" alt=\"\" srcset=\"https:\/\/alexandrajacquin.com\/wp-content\/uploads\/2022\/11\/Les-lutins-des-bois-2-300dpi-1-550x550.jpg?v=1667672131 550w, https:\/\/alexandrajacquin.com\/wp-content\/uploads\/2022\/11\/Les-lutins-des-bois-2-300dpi-1-150x150.jpg?v=1667672131 150w, https:\/\/alexandrajacquin.com\/wp-content\/uploads\/2022\/11\/Les-lutins-des-bois-2-300dpi-1-300x300.jpg?v=1667672131 300w, https:\/\/alexandrajacquin.com\/wp-content\/uploads\/2022\/11\/Les-lutins-des-bois-2-300dpi-1-100x100.jpg?v=1667672131 100w\" sizes=\"(max-width: 550px) 100vw, 550px\" \/><\/div>\n<div class=\"eltdf-pli-text-holder ib_no_padding\"  style=\"background-color: rgba(255,255,255,0.69)\">\n\t<div class=\"eltdf-pli-text-wrapper\">\n\t\t<div class=\"eltdf-pli-text\">\n\t\t\t\t<h4 itemprop=\"name\" class=\"eltdf-pli-title entry-title\" style=\"text-transform: initial\">\n\t\tLes lutins des bois &#8211; Novembre 2022\t<\/h4>\n\n\t\t\t\t\t<div class=\"eltdf-pli-category-holder\">\n\t\t\t\t\t\t\t<a itemprop=\"url\" class=\"eltdf-pli-category\" href=\"https:\/\/alexandrajacquin.com\/index.php\/portfolio-category\/projet-personnel\/\">Projet personnel<\/a>\n\t\t\t\t\t<\/div>\n\t\n\t\t\t\t\t\t\n\t\t\t\t\t<\/div>\n\t<\/div>\n<\/div>\n\t\t<a itemprop=\"url\" class=\"eltdf-pli-link eltdf-block-drag-link\" href=\"https:\/\/alexandrajacquin.com\/index.php\/portfolio-item\/les-lutins-des-bois-illustration-edition-jeunesse-histoires\/\" target=\"_self\"><\/a>\n\t<\/div>\n<\/article><article class=\"eltdf-pl-item eltdf-item-space hover_zoom  post-3979 portfolio-item type-portfolio-item status-publish has-post-thumbnail hentry portfolio-category-projet-personnel portfolio-tag-illustration portfolio-tag-insectes portfolio-tag-jeunesse portfolio-tag-nature\">\n\t<div class=\"eltdf-pl-item-inner\">\n\t\t<div class=\"eltdf-pli-image\">\n\t<img loading=\"lazy\" decoding=\"async\" width=\"550\" height=\"550\" src=\"https:\/\/alexandrajacquin.com\/wp-content\/uploads\/2022\/10\/Concerto-nocturne-400dpi-1-550x550.jpg?v=1666343604\" class=\"attachment-bolge_elated_image_square size-bolge_elated_image_square wp-post-image\" alt=\"\" srcset=\"https:\/\/alexandrajacquin.com\/wp-content\/uploads\/2022\/10\/Concerto-nocturne-400dpi-1-550x550.jpg?v=1666343604 550w, https:\/\/alexandrajacquin.com\/wp-content\/uploads\/2022\/10\/Concerto-nocturne-400dpi-1-150x150.jpg?v=1666343604 150w, https:\/\/alexandrajacquin.com\/wp-content\/uploads\/2022\/10\/Concerto-nocturne-400dpi-1-1100x1100.jpg?v=1666343604 1100w, https:\/\/alexandrajacquin.com\/wp-content\/uploads\/2022\/10\/Concerto-nocturne-400dpi-1-300x300.jpg?v=1666343604 300w, https:\/\/alexandrajacquin.com\/wp-content\/uploads\/2022\/10\/Concerto-nocturne-400dpi-1-100x100.jpg?v=1666343604 100w\" sizes=\"(max-width: 550px) 100vw, 550px\" \/><\/div>\n<div class=\"eltdf-pli-text-holder ib_no_padding\"  style=\"background-color: rgba(255,255,255,0.69)\">\n\t<div class=\"eltdf-pli-text-wrapper\">\n\t\t<div class=\"eltdf-pli-text\">\n\t\t\t\t<h4 itemprop=\"name\" class=\"eltdf-pli-title entry-title\" style=\"text-transform: initial\">\n\t\tPetite musique de nuit &#8211; Octobre 2022\t<\/h4>\n\n\t\t\t\t\t<div class=\"eltdf-pli-category-holder\">\n\t\t\t\t\t\t\t<a itemprop=\"url\" class=\"eltdf-pli-category\" href=\"https:\/\/alexandrajacquin.com\/index.php\/portfolio-category\/projet-personnel\/\">Projet personnel<\/a>\n\t\t\t\t\t<\/div>\n\t\n\t\t\t\t\t\t\n\t\t\t\t\t<\/div>\n\t<\/div>\n<\/div>\n\t\t<a itemprop=\"url\" class=\"eltdf-pli-link eltdf-block-drag-link\" href=\"https:\/\/alexandrajacquin.com\/index.php\/portfolio-item\/petite-musique-de-nuit-insectes-cigales-grillons-grenouilles-etang\/\" target=\"_self\"><\/a>\n\t<\/div>\n<\/article><article class=\"eltdf-pl-item eltdf-item-space hover_zoom  post-3921 portfolio-item type-portfolio-item status-publish has-post-thumbnail hentry portfolio-category-projet-personnel portfolio-tag-conte portfolio-tag-edition portfolio-tag-illustration portfolio-tag-nature\">\n\t<div class=\"eltdf-pl-item-inner\">\n\t\t<div class=\"eltdf-pli-image\">\n\t<img loading=\"lazy\" decoding=\"async\" width=\"550\" height=\"550\" src=\"https:\/\/alexandrajacquin.com\/wp-content\/uploads\/2022\/08\/Papillons-et-myrtilles-400-dpi-550x550.jpg?v=1661950016\" class=\"attachment-bolge_elated_image_square size-bolge_elated_image_square wp-post-image\" alt=\"\" srcset=\"https:\/\/alexandrajacquin.com\/wp-content\/uploads\/2022\/08\/Papillons-et-myrtilles-400-dpi-550x550.jpg?v=1661950016 550w, https:\/\/alexandrajacquin.com\/wp-content\/uploads\/2022\/08\/Papillons-et-myrtilles-400-dpi-150x150.jpg?v=1661950016 150w, https:\/\/alexandrajacquin.com\/wp-content\/uploads\/2022\/08\/Papillons-et-myrtilles-400-dpi-1100x1100.jpg?v=1661950016 1100w, https:\/\/alexandrajacquin.com\/wp-content\/uploads\/2022\/08\/Papillons-et-myrtilles-400-dpi-300x300.jpg?v=1661950016 300w, https:\/\/alexandrajacquin.com\/wp-content\/uploads\/2022\/08\/Papillons-et-myrtilles-400-dpi-100x100.jpg?v=1661950016 100w\" sizes=\"(max-width: 550px) 100vw, 550px\" \/><\/div>\n<div class=\"eltdf-pli-text-holder ib_no_padding\"  style=\"background-color: rgba(255,255,255,0.69)\">\n\t<div class=\"eltdf-pli-text-wrapper\">\n\t\t<div class=\"eltdf-pli-text\">\n\t\t\t\t<h4 itemprop=\"name\" class=\"eltdf-pli-title entry-title\" style=\"text-transform: initial\">\n\t\tMyrtilles et papillons &#8211; Ao\u00fbt 2022\t<\/h4>\n\n\t\t\t\t\t<div class=\"eltdf-pli-category-holder\">\n\t\t\t\t\t\t\t<a itemprop=\"url\" class=\"eltdf-pli-category\" href=\"https:\/\/alexandrajacquin.com\/index.php\/portfolio-category\/projet-personnel\/\">Projet personnel<\/a>\n\t\t\t\t\t<\/div>\n\t\n\t\t\t\t\t\t\n\t\t\t\t\t<\/div>\n\t<\/div>\n<\/div>\n\t\t<a itemprop=\"url\" class=\"eltdf-pli-link eltdf-block-drag-link\" href=\"https:\/\/alexandrajacquin.com\/index.php\/portfolio-item\/myrtilles-et-papillons-illustration-aquarelle-foret-suede-conte-lutin-fee-des-bois\/\" target=\"_self\"><\/a>\n\t<\/div>\n<\/article><article class=\"eltdf-pl-item eltdf-item-space hover_zoom  post-3906 portfolio-item type-portfolio-item status-publish has-post-thumbnail hentry portfolio-category-commande-personnalisee portfolio-tag-affiche portfolio-tag-commande-personnalisee portfolio-tag-enfance portfolio-tag-illustration\">\n\t<div class=\"eltdf-pl-item-inner\">\n\t\t<div class=\"eltdf-pli-image\">\n\t<img loading=\"lazy\" decoding=\"async\" width=\"550\" height=\"550\" src=\"https:\/\/alexandrajacquin.com\/wp-content\/uploads\/2022\/08\/Miam-glaces-Gerald-couleur-400dpi-550x550.jpg?v=1661789208\" class=\"attachment-bolge_elated_image_square size-bolge_elated_image_square wp-post-image\" alt=\"Affiche illustr\u00e9e personnalis\u00e9e\" srcset=\"https:\/\/alexandrajacquin.com\/wp-content\/uploads\/2022\/08\/Miam-glaces-Gerald-couleur-400dpi-550x550.jpg?v=1661789208 550w, https:\/\/alexandrajacquin.com\/wp-content\/uploads\/2022\/08\/Miam-glaces-Gerald-couleur-400dpi-150x150.jpg?v=1661789208 150w, https:\/\/alexandrajacquin.com\/wp-content\/uploads\/2022\/08\/Miam-glaces-Gerald-couleur-400dpi-1100x1100.jpg?v=1661789208 1100w, https:\/\/alexandrajacquin.com\/wp-content\/uploads\/2022\/08\/Miam-glaces-Gerald-couleur-400dpi-300x300.jpg?v=1661789208 300w, https:\/\/alexandrajacquin.com\/wp-content\/uploads\/2022\/08\/Miam-glaces-Gerald-couleur-400dpi-100x100.jpg?v=1661789208 100w\" sizes=\"(max-width: 550px) 100vw, 550px\" \/><\/div>\n<div class=\"eltdf-pli-text-holder ib_no_padding\"  style=\"background-color: rgba(255,255,255,0.69)\">\n\t<div class=\"eltdf-pli-text-wrapper\">\n\t\t<div class=\"eltdf-pli-text\">\n\t\t\t\t<h4 itemprop=\"name\" class=\"eltdf-pli-title entry-title\" style=\"text-transform: initial\">\n\t\tLes glaces maison de G\u00e9rald &#8211; Ao\u00fbt 2022\t<\/h4>\n\n\t\t\t\t\t<div class=\"eltdf-pli-category-holder\">\n\t\t\t\t\t\t\t<a itemprop=\"url\" class=\"eltdf-pli-category\" href=\"https:\/\/alexandrajacquin.com\/index.php\/portfolio-category\/commande-personnalisee\/\">Commande personnalis\u00e9e<\/a>\n\t\t\t\t\t<\/div>\n\t\n\t\t\t\t\t\t\n\t\t\t\t\t<\/div>\n\t<\/div>\n<\/div>\n\t\t<a itemprop=\"url\" class=\"eltdf-pli-link eltdf-block-drag-link\" href=\"https:\/\/alexandrajacquin.com\/index.php\/portfolio-item\/les-glaces-maison-de-gerald-affiche-affiche-illustree-personnaliee\/\" target=\"_self\"><\/a>\n\t<\/div>\n<\/article><article class=\"eltdf-pl-item eltdf-item-space hover_zoom  post-3898 portfolio-item type-portfolio-item status-publish has-post-thumbnail hentry portfolio-category-edition portfolio-tag-conte portfolio-tag-edition portfolio-tag-enfance portfolio-tag-jeunesse\">\n\t<div class=\"eltdf-pl-item-inner\">\n\t\t<div class=\"eltdf-pli-image\">\n\t<img loading=\"lazy\" decoding=\"async\" width=\"550\" height=\"550\" src=\"https:\/\/alexandrajacquin.com\/wp-content\/uploads\/2022\/08\/Elodie-et-la-valise-couleur-400dpi-1-550x550.jpg?v=1661785966\" class=\"attachment-bolge_elated_image_square size-bolge_elated_image_square wp-post-image\" alt=\"Livre de contes - Editions French Flowers\" srcset=\"https:\/\/alexandrajacquin.com\/wp-content\/uploads\/2022\/08\/Elodie-et-la-valise-couleur-400dpi-1-550x550.jpg?v=1661785966 550w, https:\/\/alexandrajacquin.com\/wp-content\/uploads\/2022\/08\/Elodie-et-la-valise-couleur-400dpi-1-150x150.jpg?v=1661785966 150w, https:\/\/alexandrajacquin.com\/wp-content\/uploads\/2022\/08\/Elodie-et-la-valise-couleur-400dpi-1-1100x1100.jpg?v=1661785966 1100w, https:\/\/alexandrajacquin.com\/wp-content\/uploads\/2022\/08\/Elodie-et-la-valise-couleur-400dpi-1-300x300.jpg?v=1661785966 300w, https:\/\/alexandrajacquin.com\/wp-content\/uploads\/2022\/08\/Elodie-et-la-valise-couleur-400dpi-1-100x100.jpg?v=1661785966 100w\" sizes=\"(max-width: 550px) 100vw, 550px\" \/><\/div>\n<div class=\"eltdf-pli-text-holder ib_no_padding\"  style=\"background-color: rgba(255,255,255,0.69)\">\n\t<div class=\"eltdf-pli-text-wrapper\">\n\t\t<div class=\"eltdf-pli-text\">\n\t\t\t\t<h4 itemprop=\"name\" class=\"eltdf-pli-title entry-title\" style=\"text-transform: initial\">\n\t\tElodie et la myst\u00e9rieuse valise parfum\u00e9e &#8211; Livre de contes &#8211; Editions FrenchFlowers &#8211; Juin 2022\t<\/h4>\n\n\t\t\t\t\t<div class=\"eltdf-pli-category-holder\">\n\t\t\t\t\t\t\t<a itemprop=\"url\" class=\"eltdf-pli-category\" href=\"https:\/\/alexandrajacquin.com\/index.php\/portfolio-category\/edition\/\">Edition<\/a>\n\t\t\t\t\t<\/div>\n\t\n\t\t\t\t\t\t\n\t\t\t\t\t<\/div>\n\t<\/div>\n<\/div>\n\t\t<a itemprop=\"url\" class=\"eltdf-pli-link eltdf-block-drag-link\" href=\"https:\/\/alexandrajacquin.com\/index.php\/portfolio-item\/elodie-et-la-mysterieuse-valise-livre-de-contes-illustres-edition-jeunesse-histoires-illustrations\/\" target=\"_self\"><\/a>\n\t<\/div>\n<\/article><article class=\"eltdf-pl-item eltdf-item-space hover_zoom  post-3876 portfolio-item type-portfolio-item status-publish has-post-thumbnail hentry portfolio-category-projet-personnel portfolio-tag-education portfolio-tag-illustration portfolio-tag-jeunesse portfolio-tag-nature\">\n\t<div class=\"eltdf-pl-item-inner\">\n\t\t<div class=\"eltdf-pli-image\">\n\t<img loading=\"lazy\" decoding=\"async\" width=\"550\" height=\"550\" src=\"https:\/\/alexandrajacquin.com\/wp-content\/uploads\/2022\/06\/Jeux-en-foret.couleur-500px-550x550.jpg?v=1655746671\" class=\"attachment-bolge_elated_image_square size-bolge_elated_image_square wp-post-image\" alt=\"\" srcset=\"https:\/\/alexandrajacquin.com\/wp-content\/uploads\/2022\/06\/Jeux-en-foret.couleur-500px-550x550.jpg?v=1655746671 550w, https:\/\/alexandrajacquin.com\/wp-content\/uploads\/2022\/06\/Jeux-en-foret.couleur-500px-150x150.jpg?v=1655746671 150w, https:\/\/alexandrajacquin.com\/wp-content\/uploads\/2022\/06\/Jeux-en-foret.couleur-500px-1100x1100.jpg?v=1655746671 1100w, https:\/\/alexandrajacquin.com\/wp-content\/uploads\/2022\/06\/Jeux-en-foret.couleur-500px-300x300.jpg?v=1655746671 300w, https:\/\/alexandrajacquin.com\/wp-content\/uploads\/2022\/06\/Jeux-en-foret.couleur-500px-100x100.jpg?v=1655746671 100w\" sizes=\"(max-width: 550px) 100vw, 550px\" \/><\/div>\n<div class=\"eltdf-pli-text-holder ib_no_padding\"  style=\"background-color: rgba(255,255,255,0.69)\">\n\t<div class=\"eltdf-pli-text-wrapper\">\n\t\t<div class=\"eltdf-pli-text\">\n\t\t\t\t<h4 itemprop=\"name\" class=\"eltdf-pli-title entry-title\" style=\"text-transform: initial\">\n\t\tEcole en for\u00eat &#8211; Juin 2022\t<\/h4>\n\n\t\t\t\t\t<div class=\"eltdf-pli-category-holder\">\n\t\t\t\t\t\t\t<a itemprop=\"url\" class=\"eltdf-pli-category\" href=\"https:\/\/alexandrajacquin.com\/index.php\/portfolio-category\/projet-personnel\/\">Projet personnel<\/a>\n\t\t\t\t\t<\/div>\n\t\n\t\t\t\t\t\t\n\t\t\t\t\t<\/div>\n\t<\/div>\n<\/div>\n\t\t<a itemprop=\"url\" class=\"eltdf-pli-link eltdf-block-drag-link\" href=\"https:\/\/alexandrajacquin.com\/index.php\/portfolio-item\/jeux-en-foret\/\" target=\"_self\"><\/a>\n\t<\/div>\n<\/article><article class=\"eltdf-pl-item eltdf-item-space hover_zoom  post-3857 portfolio-item type-portfolio-item status-publish has-post-thumbnail hentry portfolio-category-presse portfolio-tag-education-bienveillante portfolio-tag-jeunesse portfolio-tag-nature portfolio-tag-presse\">\n\t<div class=\"eltdf-pl-item-inner\">\n\t\t<div class=\"eltdf-pli-image\">\n\t<img loading=\"lazy\" decoding=\"async\" width=\"550\" height=\"550\" src=\"https:\/\/alexandrajacquin.com\/wp-content\/uploads\/2022\/06\/Illustration-2-couleurRVB-550x550.jpg?v=1655734736\" class=\"attachment-bolge_elated_image_square size-bolge_elated_image_square wp-post-image\" alt=\"illustration magazine jeunesse Fanette et Filipin\" srcset=\"https:\/\/alexandrajacquin.com\/wp-content\/uploads\/2022\/06\/Illustration-2-couleurRVB-550x550.jpg?v=1655734736 550w, https:\/\/alexandrajacquin.com\/wp-content\/uploads\/2022\/06\/Illustration-2-couleurRVB-150x150.jpg?v=1655734736 150w, https:\/\/alexandrajacquin.com\/wp-content\/uploads\/2022\/06\/Illustration-2-couleurRVB-1100x1100.jpg?v=1655734736 1100w, https:\/\/alexandrajacquin.com\/wp-content\/uploads\/2022\/06\/Illustration-2-couleurRVB-300x300.jpg?v=1655734736 300w, https:\/\/alexandrajacquin.com\/wp-content\/uploads\/2022\/06\/Illustration-2-couleurRVB-100x100.jpg?v=1655734736 100w\" sizes=\"(max-width: 550px) 100vw, 550px\" \/><\/div>\n<div class=\"eltdf-pli-text-holder ib_no_padding\"  style=\"background-color: rgba(255,255,255,0.69)\">\n\t<div class=\"eltdf-pli-text-wrapper\">\n\t\t<div class=\"eltdf-pli-text\">\n\t\t\t\t<h4 itemprop=\"name\" class=\"eltdf-pli-title entry-title\" style=\"text-transform: initial\">\n\t\tFanette et Filipin n\u00b037 &#8211; Juin 2022\t<\/h4>\n\n\t\t\t\t\t<div class=\"eltdf-pli-category-holder\">\n\t\t\t\t\t\t\t<a itemprop=\"url\" class=\"eltdf-pli-category\" href=\"https:\/\/alexandrajacquin.com\/index.php\/portfolio-category\/presse\/\">Presse<\/a>\n\t\t\t\t\t<\/div>\n\t\n\t\t\t\t\t\t\n\t\t\t\t\t<\/div>\n\t<\/div>\n<\/div>\n\t\t<a itemprop=\"url\" class=\"eltdf-pli-link eltdf-block-drag-link\" href=\"https:\/\/alexandrajacquin.com\/index.php\/portfolio-item\/magazine-jeunesse-fanette-et-filipin-n37-ete-2022\/\" target=\"_self\"><\/a>\n\t<\/div>\n<\/article><article class=\"eltdf-pl-item eltdf-item-space hover_zoom  post-3673 portfolio-item type-portfolio-item status-publish has-post-thumbnail hentry portfolio-category-projet-personnel portfolio-tag-jardin portfolio-tag-jeunesse portfolio-tag-nature portfolio-tag-personnage\">\n\t<div class=\"eltdf-pl-item-inner\">\n\t\t<div class=\"eltdf-pli-image\">\n\t<img loading=\"lazy\" decoding=\"async\" width=\"550\" height=\"550\" src=\"https:\/\/alexandrajacquin.com\/wp-content\/uploads\/2022\/03\/Repas-dete-550x550.jpg?v=1647344012\" class=\"attachment-bolge_elated_image_square size-bolge_elated_image_square wp-post-image\" alt=\"\" srcset=\"https:\/\/alexandrajacquin.com\/wp-content\/uploads\/2022\/03\/Repas-dete-550x550.jpg?v=1647344012 550w, https:\/\/alexandrajacquin.com\/wp-content\/uploads\/2022\/03\/Repas-dete-150x150.jpg?v=1647344012 150w, https:\/\/alexandrajacquin.com\/wp-content\/uploads\/2022\/03\/Repas-dete-1100x1100.jpg?v=1647344012 1100w\" sizes=\"(max-width: 550px) 100vw, 550px\" \/><\/div>\n<div class=\"eltdf-pli-text-holder ib_no_padding\"  style=\"background-color: rgba(255,255,255,0.69)\">\n\t<div class=\"eltdf-pli-text-wrapper\">\n\t\t<div class=\"eltdf-pli-text\">\n\t\t\t\t<h4 itemprop=\"name\" class=\"eltdf-pli-title entry-title\" style=\"text-transform: initial\">\n\t\tRepas de famille &#8211; Mars 2022\t<\/h4>\n\n\t\t\t\t\t<div class=\"eltdf-pli-category-holder\">\n\t\t\t\t\t\t\t<a itemprop=\"url\" class=\"eltdf-pli-category\" href=\"https:\/\/alexandrajacquin.com\/index.php\/portfolio-category\/projet-personnel\/\">Projet personnel<\/a>\n\t\t\t\t\t<\/div>\n\t\n\t\t\t\t\t\t\n\t\t\t\t\t<\/div>\n\t<\/div>\n<\/div>\n\t\t<a itemprop=\"url\" class=\"eltdf-pli-link eltdf-block-drag-link\" href=\"https:\/\/alexandrajacquin.com\/index.php\/portfolio-item\/repas-de-famille\/\" target=\"_self\"><\/a>\n\t<\/div>\n<\/article><article class=\"eltdf-pl-item eltdf-item-space hover_zoom  post-3670 portfolio-item type-portfolio-item status-publish has-post-thumbnail hentry portfolio-category-projet-personnel portfolio-tag-edition portfolio-tag-illustration portfolio-tag-jeunesse portfolio-tag-nature\">\n\t<div class=\"eltdf-pl-item-inner\">\n\t\t<div class=\"eltdf-pli-image\">\n\t<img loading=\"lazy\" decoding=\"async\" width=\"550\" height=\"550\" src=\"https:\/\/alexandrajacquin.com\/wp-content\/uploads\/2022\/03\/La-riviere-gelee.400dpi.rvb_-550x550.jpg?v=1647342278\" class=\"attachment-bolge_elated_image_square size-bolge_elated_image_square wp-post-image\" alt=\"\" srcset=\"https:\/\/alexandrajacquin.com\/wp-content\/uploads\/2022\/03\/La-riviere-gelee.400dpi.rvb_-550x550.jpg?v=1647342278 550w, https:\/\/alexandrajacquin.com\/wp-content\/uploads\/2022\/03\/La-riviere-gelee.400dpi.rvb_-150x150.jpg?v=1647342278 150w, https:\/\/alexandrajacquin.com\/wp-content\/uploads\/2022\/03\/La-riviere-gelee.400dpi.rvb_-1100x1100.jpg?v=1647342278 1100w\" sizes=\"(max-width: 550px) 100vw, 550px\" \/><\/div>\n<div class=\"eltdf-pli-text-holder ib_no_padding\"  style=\"background-color: rgba(255,255,255,0.69)\">\n\t<div class=\"eltdf-pli-text-wrapper\">\n\t\t<div class=\"eltdf-pli-text\">\n\t\t\t\t<h4 itemprop=\"name\" class=\"eltdf-pli-title entry-title\" style=\"text-transform: initial\">\n\t\tLa rivi\u00e8re gel\u00e9e &#8211; F\u00e9vrier 2022\t<\/h4>\n\n\t\t\t\t\t<div class=\"eltdf-pli-category-holder\">\n\t\t\t\t\t\t\t<a itemprop=\"url\" class=\"eltdf-pli-category\" href=\"https:\/\/alexandrajacquin.com\/index.php\/portfolio-category\/projet-personnel\/\">Projet personnel<\/a>\n\t\t\t\t\t<\/div>\n\t\n\t\t\t\t\t\t\n\t\t\t\t\t<\/div>\n\t<\/div>\n<\/div>\n\t\t<a itemprop=\"url\" class=\"eltdf-pli-link eltdf-block-drag-link\" href=\"https:\/\/alexandrajacquin.com\/index.php\/portfolio-item\/la-riviere-gelee\/\" target=\"_self\"><\/a>\n\t<\/div>\n<\/article><article class=\"eltdf-pl-item eltdf-item-space hover_zoom  post-3663 portfolio-item type-portfolio-item status-publish has-post-thumbnail hentry portfolio-category-projet-personnel portfolio-tag-biodiversite-jardin-illustration portfolio-tag-edition portfolio-tag-illustration portfolio-tag-jeunesse portfolio-tag-nature\">\n\t<div class=\"eltdf-pl-item-inner\">\n\t\t<div class=\"eltdf-pli-image\">\n\t<img loading=\"lazy\" decoding=\"async\" width=\"550\" height=\"550\" src=\"https:\/\/alexandrajacquin.com\/wp-content\/uploads\/2022\/01\/Reunion-nocturne-75-DPI-550x550.jpg?v=1641805953\" class=\"attachment-bolge_elated_image_square size-bolge_elated_image_square wp-post-image\" alt=\"\" srcset=\"https:\/\/alexandrajacquin.com\/wp-content\/uploads\/2022\/01\/Reunion-nocturne-75-DPI-550x550.jpg?v=1641805953 550w, https:\/\/alexandrajacquin.com\/wp-content\/uploads\/2022\/01\/Reunion-nocturne-75-DPI-150x150.jpg?v=1641805953 150w\" sizes=\"(max-width: 550px) 100vw, 550px\" \/><\/div>\n<div class=\"eltdf-pli-text-holder ib_no_padding\"  style=\"background-color: rgba(255,255,255,0.69)\">\n\t<div class=\"eltdf-pli-text-wrapper\">\n\t\t<div class=\"eltdf-pli-text\">\n\t\t\t\t<h4 itemprop=\"name\" class=\"eltdf-pli-title entry-title\" style=\"text-transform: initial\">\n\t\tRendez-vous nocturne &#8211; Octobre 2021\t<\/h4>\n\n\t\t\t\t\t<div class=\"eltdf-pli-category-holder\">\n\t\t\t\t\t\t\t<a itemprop=\"url\" class=\"eltdf-pli-category\" href=\"https:\/\/alexandrajacquin.com\/index.php\/portfolio-category\/projet-personnel\/\">Projet personnel<\/a>\n\t\t\t\t\t<\/div>\n\t\n\t\t\t\t\t\t\n\t\t\t\t\t<\/div>\n\t<\/div>\n<\/div>\n\t\t<a itemprop=\"url\" class=\"eltdf-pli-link eltdf-block-drag-link\" href=\"https:\/\/alexandrajacquin.com\/index.php\/portfolio-item\/rendez-vous-nocturne\/\" target=\"_self\"><\/a>\n\t<\/div>\n<\/article>\t<\/div>\n\t\n\t<\/div>[vc_empty_space height=&#8221;60px&#8221;][vc_empty_space height=&#8221;60px&#8221;][\/vc_column][\/vc_row]<\/p>\n","protected":false},"excerpt":{"rendered":"<p>[vc_row][vc_column][vc_empty_space][\/vc_column][\/vc_row][vc_row css=&#8221;.vc_custom_1717755643662{margin-right: px !important;margin-left: px !important;}&#8221;][vc_column][vc_empty_space height=&#8221;60px&#8221;][vc_empty_space height=&#8221;60px&#8221;][\/vc_column][\/vc_row]<\/p>\n","protected":false},"author":1,"featured_media":0,"parent":0,"menu_order":0,"comment_status":"closed","ping_status":"closed","template":"full-width.php","meta":{"footnotes":""},"yoast_head":"<!-- This site is optimized with the Yoast SEO plugin v20.13 - https:\/\/yoast.com\/wordpress\/plugins\/seo\/ -->\n<title>Alexandra Jacquin - Illustratrice jeunesse<\/title>\n<meta name=\"description\" content=\"Les illustrations d&#039;Alexandra Jacquin, illustratrice pour l&#039;\u00e9dition jeunesse. Albums jeunesses, litt\u00e9rature jeunesse, livres pour enfants.\" \/>\n<meta name=\"robots\" content=\"index, follow, max-snippet:-1, max-image-preview:large, max-video-preview:-1\" \/>\n<link rel=\"canonical\" href=\"https:\/\/alexandrajacquin.com\/index.php\/portfolio\/\" \/>\n<meta property=\"og:locale\" content=\"fr_FR\" \/>\n<meta property=\"og:type\" content=\"article\" \/>\n<meta property=\"og:title\" content=\"Alexandra Jacquin - Illustratrice jeunesse\" \/>\n<meta property=\"og:description\" content=\"Les illustrations d&#039;Alexandra Jacquin, illustratrice pour l&#039;\u00e9dition jeunesse. Albums jeunesses, litt\u00e9rature jeunesse, livres pour enfants.\" \/>\n<meta property=\"og:url\" content=\"https:\/\/alexandrajacquin.com\/index.php\/portfolio\/\" \/>\n<meta property=\"og:site_name\" content=\"Alexandra Jacquin - Illustratrice\" \/>\n<meta property=\"article:publisher\" content=\"https:\/\/www.facebook.com\/alexandra.jacquin.3\" \/>\n<meta property=\"article:modified_time\" content=\"2024-06-07T12:05:29+00:00\" \/>\n<meta name=\"twitter:card\" content=\"summary_large_image\" \/>\n<meta name=\"twitter:label1\" content=\"Dur\u00e9e de lecture estim\u00e9e\" \/>\n\t<meta name=\"twitter:data1\" content=\"1 minute\" \/>\n<script type=\"application\/ld+json\" class=\"yoast-schema-graph\">{\"@context\":\"https:\/\/schema.org\",\"@graph\":[{\"@type\":\"WebPage\",\"@id\":\"https:\/\/alexandrajacquin.com\/index.php\/portfolio\/\",\"url\":\"https:\/\/alexandrajacquin.com\/index.php\/portfolio\/\",\"name\":\"Alexandra Jacquin - Illustratrice jeunesse\",\"isPartOf\":{\"@id\":\"https:\/\/alexandrajacquin.com\/#website\"},\"datePublished\":\"2021-09-21T18:40:59+00:00\",\"dateModified\":\"2024-06-07T12:05:29+00:00\",\"description\":\"Les illustrations d'Alexandra Jacquin, illustratrice pour l'\u00e9dition jeunesse. Albums jeunesses, litt\u00e9rature jeunesse, livres pour enfants.\",\"breadcrumb\":{\"@id\":\"https:\/\/alexandrajacquin.com\/index.php\/portfolio\/#breadcrumb\"},\"inLanguage\":\"fr-FR\",\"potentialAction\":[{\"@type\":\"ReadAction\",\"target\":[\"https:\/\/alexandrajacquin.com\/index.php\/portfolio\/\"]}]},{\"@type\":\"BreadcrumbList\",\"@id\":\"https:\/\/alexandrajacquin.com\/index.php\/portfolio\/#breadcrumb\",\"itemListElement\":[{\"@type\":\"ListItem\",\"position\":1,\"name\":\"Accueil\",\"item\":\"https:\/\/alexandrajacquin.com\/\"},{\"@type\":\"ListItem\",\"position\":2,\"name\":\"Portfolio\"}]},{\"@type\":\"WebSite\",\"@id\":\"https:\/\/alexandrajacquin.com\/#website\",\"url\":\"https:\/\/alexandrajacquin.com\/\",\"name\":\"Alexandra Jacquin - Illustratrice\",\"description\":\"Illustratrice jeunesse\",\"publisher\":{\"@id\":\"https:\/\/alexandrajacquin.com\/#organization\"},\"potentialAction\":[{\"@type\":\"SearchAction\",\"target\":{\"@type\":\"EntryPoint\",\"urlTemplate\":\"https:\/\/alexandrajacquin.com\/?s={search_term_string}\"},\"query-input\":\"required name=search_term_string\"}],\"inLanguage\":\"fr-FR\"},{\"@type\":\"Organization\",\"@id\":\"https:\/\/alexandrajacquin.com\/#organization\",\"name\":\"Alexandra Jacquin illustratrice\",\"url\":\"https:\/\/alexandrajacquin.com\/\",\"logo\":{\"@type\":\"ImageObject\",\"inLanguage\":\"fr-FR\",\"@id\":\"https:\/\/alexandrajacquin.com\/#\/schema\/logo\/image\/\",\"url\":\"http:\/\/alexandrajacquin.com\/wp-content\/uploads\/2020\/04\/CV-alexandra.jacquin-1.jpg?v=1596266338\",\"contentUrl\":\"http:\/\/alexandrajacquin.com\/wp-content\/uploads\/2020\/04\/CV-alexandra.jacquin-1.jpg?v=1596266338\",\"width\":321,\"height\":208,\"caption\":\"Alexandra Jacquin illustratrice\"},\"image\":{\"@id\":\"https:\/\/alexandrajacquin.com\/#\/schema\/logo\/image\/\"},\"sameAs\":[\"https:\/\/www.facebook.com\/alexandra.jacquin.3\",\"https:\/\/www.instagram.com\/alexandra.jacquin\/\",\"https:\/\/www.linkedin.com\/in\/alexandra-jacquin-\"]}]}<\/script>\n<!-- \/ Yoast SEO plugin. -->","yoast_head_json":{"title":"Alexandra Jacquin - Illustratrice jeunesse","description":"Les illustrations d'Alexandra Jacquin, illustratrice pour l'\u00e9dition jeunesse. Albums jeunesses, litt\u00e9rature jeunesse, livres pour enfants.","robots":{"index":"index","follow":"follow","max-snippet":"max-snippet:-1","max-image-preview":"max-image-preview:large","max-video-preview":"max-video-preview:-1"},"canonical":"https:\/\/alexandrajacquin.com\/index.php\/portfolio\/","og_locale":"fr_FR","og_type":"article","og_title":"Alexandra Jacquin - Illustratrice jeunesse","og_description":"Les illustrations d'Alexandra Jacquin, illustratrice pour l'\u00e9dition jeunesse. Albums jeunesses, litt\u00e9rature jeunesse, livres pour enfants.","og_url":"https:\/\/alexandrajacquin.com\/index.php\/portfolio\/","og_site_name":"Alexandra Jacquin - Illustratrice","article_publisher":"https:\/\/www.facebook.com\/alexandra.jacquin.3","article_modified_time":"2024-06-07T12:05:29+00:00","twitter_card":"summary_large_image","twitter_misc":{"Dur\u00e9e de lecture estim\u00e9e":"1 minute"},"schema":{"@context":"https:\/\/schema.org","@graph":[{"@type":"WebPage","@id":"https:\/\/alexandrajacquin.com\/index.php\/portfolio\/","url":"https:\/\/alexandrajacquin.com\/index.php\/portfolio\/","name":"Alexandra Jacquin - Illustratrice jeunesse","isPartOf":{"@id":"https:\/\/alexandrajacquin.com\/#website"},"datePublished":"2021-09-21T18:40:59+00:00","dateModified":"2024-06-07T12:05:29+00:00","description":"Les illustrations d'Alexandra Jacquin, illustratrice pour l'\u00e9dition jeunesse. Albums jeunesses, litt\u00e9rature jeunesse, livres pour enfants.","breadcrumb":{"@id":"https:\/\/alexandrajacquin.com\/index.php\/portfolio\/#breadcrumb"},"inLanguage":"fr-FR","potentialAction":[{"@type":"ReadAction","target":["https:\/\/alexandrajacquin.com\/index.php\/portfolio\/"]}]},{"@type":"BreadcrumbList","@id":"https:\/\/alexandrajacquin.com\/index.php\/portfolio\/#breadcrumb","itemListElement":[{"@type":"ListItem","position":1,"name":"Accueil","item":"https:\/\/alexandrajacquin.com\/"},{"@type":"ListItem","position":2,"name":"Portfolio"}]},{"@type":"WebSite","@id":"https:\/\/alexandrajacquin.com\/#website","url":"https:\/\/alexandrajacquin.com\/","name":"Alexandra Jacquin - Illustratrice","description":"Illustratrice jeunesse","publisher":{"@id":"https:\/\/alexandrajacquin.com\/#organization"},"potentialAction":[{"@type":"SearchAction","target":{"@type":"EntryPoint","urlTemplate":"https:\/\/alexandrajacquin.com\/?s={search_term_string}"},"query-input":"required name=search_term_string"}],"inLanguage":"fr-FR"},{"@type":"Organization","@id":"https:\/\/alexandrajacquin.com\/#organization","name":"Alexandra Jacquin illustratrice","url":"https:\/\/alexandrajacquin.com\/","logo":{"@type":"ImageObject","inLanguage":"fr-FR","@id":"https:\/\/alexandrajacquin.com\/#\/schema\/logo\/image\/","url":"http:\/\/alexandrajacquin.com\/wp-content\/uploads\/2020\/04\/CV-alexandra.jacquin-1.jpg?v=1596266338","contentUrl":"http:\/\/alexandrajacquin.com\/wp-content\/uploads\/2020\/04\/CV-alexandra.jacquin-1.jpg?v=1596266338","width":321,"height":208,"caption":"Alexandra Jacquin illustratrice"},"image":{"@id":"https:\/\/alexandrajacquin.com\/#\/schema\/logo\/image\/"},"sameAs":["https:\/\/www.facebook.com\/alexandra.jacquin.3","https:\/\/www.instagram.com\/alexandra.jacquin\/","https:\/\/www.linkedin.com\/in\/alexandra-jacquin-"]}]}},"_links":{"self":[{"href":"https:\/\/alexandrajacquin.com\/index.php\/wp-json\/wp\/v2\/pages\/2874"}],"collection":[{"href":"https:\/\/alexandrajacquin.com\/index.php\/wp-json\/wp\/v2\/pages"}],"about":[{"href":"https:\/\/alexandrajacquin.com\/index.php\/wp-json\/wp\/v2\/types\/page"}],"author":[{"embeddable":true,"href":"https:\/\/alexandrajacquin.com\/index.php\/wp-json\/wp\/v2\/users\/1"}],"replies":[{"embeddable":true,"href":"https:\/\/alexandrajacquin.com\/index.php\/wp-json\/wp\/v2\/comments?post=2874"}],"version-history":[{"count":53,"href":"https:\/\/alexandrajacquin.com\/index.php\/wp-json\/wp\/v2\/pages\/2874\/revisions"}],"predecessor-version":[{"id":4682,"href":"https:\/\/alexandrajacquin.com\/index.php\/wp-json\/wp\/v2\/pages\/2874\/revisions\/4682"}],"wp:attachment":[{"href":"https:\/\/alexandrajacquin.com\/index.php\/wp-json\/wp\/v2\/media?parent=2874"}],"curies":[{"name":"wp","href":"https:\/\/api.w.org\/{rel}","templated":true}]}}